{"id":9684,"date":"2023-02-01T13:51:29","date_gmt":"2023-02-01T12:51:29","guid":{"rendered":"https:\/\/giconmes.es\/generadores-vapor\/nettoyage-et-desinfection-automatiques\/nettoyage-du-convoyeur-a-brosse\/"},"modified":"2024-09-17T10:20:22","modified_gmt":"2024-09-17T10:20:22","slug":"nettoyage-du-convoyeur-a-brosse","status":"publish","type":"productos","link":"https:\/\/giconmes.es\/fr\/generateurs-de-vapeur\/nettoyage-et-desinfection-automatiques\/nettoyage-du-convoyeur-a-brosse\/","title":{"rendered":"Nettoyage du convoyeur \u00e0 brosse"},"content":{"rendered":"\n<div style=\"height:112px\" aria-hidden=\"true\" class=\"wp-block-spacer\"><\/div>\n\n<div class=\"wp-block-columns is-layout-flex wp-container-core-columns-is-layout-1 wp-block-columns-is-layout-flex\">\n<div class=\"wp-block-column is-layout-flow wp-block-column-is-layout-flow\">\n<figure class=\"wp-block-image size-full\"><img loading=\"lazy\" decoding=\"async\" width=\"812\" height=\"612\" src=\"https:\/\/giconmes.es\/wp-content\/uploads\/2023\/02\/Captura-de-pantalla-2023-05-16-234413.png\" alt=\". Generadores de vapor industrial Giconmes\" class=\"wp-image-1831\" title=\"Generadores de vapor industrial Giconmes\" srcset=\"https:\/\/giconmes.es\/wp-content\/uploads\/2023\/02\/Captura-de-pantalla-2023-05-16-234413.png 812w, https:\/\/giconmes.es\/wp-content\/uploads\/2023\/02\/Captura-de-pantalla-2023-05-16-234413-300x226.png 300w, https:\/\/giconmes.es\/wp-content\/uploads\/2023\/02\/Captura-de-pantalla-2023-05-16-234413-768x579.png 768w\" sizes=\"auto, (max-width: 812px) 100vw, 812px\" \/><\/figure>\n<\/div>\n\n\n\n<div class=\"wp-block-column is-layout-flow wp-block-column-is-layout-flow\">\n<h2 class=\"wp-block-heading text-h5 has-primary-90-color has-text-color has-large-font-size\">Caract\u00e9ristiques Convoyeurs \u00e0 brosses<\/h2>\n\n\n\n<div style=\"height:32px\" aria-hidden=\"true\" class=\"wp-block-spacer\"><\/div>\n\n\n\n<p>Le syst\u00e8me de brosses incorpore plusieurs brosses \u00e0 l&rsquo;int\u00e9rieur pour \u00e9liminer les d\u00e9bris grossiers.\nIl est con\u00e7u pour nettoyer efficacement les bandes transporteuses dans divers environnements industriels.   <\/p>\n\n\n\n<h3 class=\"wp-block-heading has-primary-90-color has-text-color has-link-color has-medium-font-size wp-elements-92ec916587f4a04a0f623ae019bab157\">Nettoyage et hygi\u00e8ne des convoyeurs de b\u00e2ches<\/h3>\n\n\n\n<p>Ce syst\u00e8me constitue une solution efficace et portable pour maintenir un nettoyage et une hygi\u00e8ne optimaux lorsque le syst\u00e8me Brushless n&rsquo;est pas suffisant.<\/p>\n\n\n\n<p>Le syst\u00e8me comprend une s\u00e9rie de brosses rotatives qui nettoient efficacement la surface de la bande, assurant un nettoyage complet et emp\u00eachant l&rsquo;accumulation de r\u00e9sidus.  <\/p>\n\n\n\n<p>L&rsquo;un des principaux avantages de ce syst\u00e8me est sa portabilit\u00e9.\nSa conception compacte et l\u00e9g\u00e8re permet une man\u0153uvre ais\u00e9e et une installation rapide sur des convoyeurs de diff\u00e9rentes dimensions. <\/p>\n\n\n\n<div style=\"height:32px\" aria-hidden=\"true\" class=\"wp-block-spacer\"><\/div>\n\n\n\n<div class=\"wp-block-buttons is-layout-flex wp-block-buttons-is-layout-flex\">\n<div class=\"wp-block-button\"><a class=\"wp-block-button__link has-secondary-background-color has-background wp-element-button\" href=\"#\">Pouvons-nous vous aider ?<\/a><\/div>\n\n\n\n<div class=\"wp-block-button is-style-outline is-style-outline--1\"><a class=\"wp-block-button__link has-primary-color has-text-color wp-element-button\" href=\"https:\/\/giconmes.es\/wp-content\/uploads\/2023\/02\/BrushESP_V2.pdf\">T\u00e9l\u00e9charger la fiche<\/a><\/div>\n<\/div>\n<\/div>\n<\/div>\n\n<div style=\"height:112px\" aria-hidden=\"true\" class=\"wp-block-spacer\"><\/div>\n\n<figure class=\"wp-block-table is-style-stripes\"><table class=\"has-primary-20-background-color has-background\"><tbody><tr><td><strong>Mod\u00e8le<\/strong><\/td><td><strong>Brosse<\/strong><\/td><\/tr><tr><td>Tension (VDC)<\/td><td>24<\/td><\/tr><tr><td>Largeur du convoyeur (mm)<\/td><td>Pratiquement toutes les tailles \u00e0 partir de 300 mm<\/td><\/tr><tr><td>Vitesse variable (mm\/s)<\/td><td>0-1500 mm par seconde (environ)<\/td><\/tr><tr><td>Poids (kg)<\/td><td>19,5 kg pour le mod\u00e8le 1150 mm<\/td><\/tr><tr><td>Tuyaux de vapeur<\/td><td><br\/>Isolation silicone, en acier inoxydable renforc\u00e9 PTFE haute temp\u00e9rature<\/td><\/tr><\/tbody><\/table><\/figure>\n\n<div style=\"height:112px\" aria-hidden=\"true\" class=\"wp-block-spacer\"><\/div>\n\n<figure class=\"wp-block-embed is-type-video is-provider-youtube wp-block-embed-youtube wp-embed-aspect-4-3 wp-has-aspect-ratio\"><div class=\"wp-block-embed__wrapper\"> \n<iframe loading=\"lazy\" title=\"Brush - Giconmes\" width=\"640\" height=\"360\" src=\"https:\/\/www.youtube.com\/embed\/TlyxjOmby10?feature=oembed\" frameborder=\"0\" allow=\"accelerometer; autoplay; clipboard-write; encrypted-media; gyroscope; picture-in-picture; web-share\" referrerpolicy=\"strict-origin-when-cross-origin\" allowfullscreen><\/iframe>\n <\/div><\/figure>\n\n<div style=\"height:112px\" aria-hidden=\"true\" class=\"wp-block-spacer\"><\/div>\n\n<div class=\"wp-block-group alignfull has-bg-20-background-color has-background\"><div class=\"wp-block-group__inner-container is-layout-constrained wp-block-group-is-layout-constrained\">\n<div class=\"wp-block-columns is-layout-flex wp-container-core-columns-is-layout-2 wp-block-columns-is-layout-flex\">\n<div class=\"wp-block-column is-layout-flow wp-block-column-is-layout-flow\">\n<h2 class=\"wp-block-heading text-h5 has-primary-90-color has-text-color\">Avantages des convoyeurs \u00e0 brosse<\/h2>\n<\/div>\n<\/div>\n\n\n\n<div style=\"height:32px\" aria-hidden=\"true\" class=\"wp-block-spacer\"><\/div>\n\n\n\n<div class=\"wp-block-columns is-layout-flex wp-container-core-columns-is-layout-3 wp-block-columns-is-layout-flex\">\n<div class=\"wp-block-column is-layout-flow wp-block-column-is-layout-flow\">\n<ul class=\"is-style-arrow-list\">\n<li><strong>Efficacit\u00e9 du nettoyage :<\/strong> la vapeur \u00e0 haute temp\u00e9rature et \u00e0 haute pression est extr\u00eamement efficace pour \u00e9liminer les r\u00e9sidus alimentaires, la graisse et les autres contaminants qui adh\u00e8rent aux plateaux.<\/li>\n\n\n\n<li><strong>Consommation d&rsquo;eau r\u00e9duite : <\/strong>par rapport aux syst\u00e8mes de nettoyage conventionnels, ce syst\u00e8me n\u00e9cessite 90 % d&rsquo;eau en moins.<\/li>\n<\/ul>\n<\/div>\n\n\n\n<div class=\"wp-block-column is-layout-flow wp-block-column-is-layout-flow\">\n<ul class=\"is-style-arrow-list\">\n<li><strong>Hygi\u00e8ne et s\u00e9curit\u00e9 alimentaire :<\/strong> m\u00e9thode tr\u00e8s hygi\u00e9nique, car elle \u00e9limine la n\u00e9cessit\u00e9 d&rsquo;utiliser des produits chimiques agressifs.<\/li>\n\n\n\n<li><strong>Polyvalence et adaptabilit\u00e9 : <\/strong>peut \u00eatre adapt\u00e9 au nettoyage de diff\u00e9rents types de plateaux et de conteneurs (tailles, formes et mat\u00e9riaux).<\/li>\n<\/ul>\n<\/div>\n\n\n\n<div class=\"wp-block-column is-layout-flow wp-block-column-is-layout-flow\">\n<ul class=\"is-style-arrow-list\">\n<li><strong>Gain de temps et de main-d&rsquo;\u0153uvre : <\/strong>permet un nettoyage plus rapide et plus efficace que les m\u00e9thodes manuelles.<\/li>\n<\/ul>\n<\/div>\n<\/div>\n<\/div><\/div>\n\n<h2 class=\"wp-block-heading text-h4\">Chaudi\u00e8res \u00e0 vapeur compatibles sans balais<\/h2>\n\n<div style=\"height:32px\" aria-hidden=\"true\" class=\"wp-block-spacer\"><\/div>\n<div class=\"wp-container--grid-pages\">\n\t<div class=\"grid-columns-2\">\n\t\t<div id=\"post-9642\" class=\"card-horizontal post-9642 productos type-productos status-publish has-post-thumbnail hentry\">  \n    <div class=\"card-img\">\n        <img loading=\"lazy\" decoding=\"async\" width=\"200\" height=\"160\" src=\"https:\/\/giconmes.es\/wp-content\/uploads\/2023\/02\/RGV0020-logos-G-removebg-preview-200x160.png\" class=\"attachment-card-horizontal size-card-horizontal wp-post-image\" alt=\". Generadores de vapor industrial Giconmes\" title=\"Generadores de vapor industrial Giconmes\">    <\/div>\n    \n    <div class=\"card-title\">  \n              \n        <h2 class=\"text-h5\"><a href=\"https:\/\/giconmes.es\/fr\/generateurs-de-vapeur\/generateurs-de-vapeur-mobiles\/generateur-de-vapeur-rgv-0020\/\" title=\"G\u00e9n\u00e9rateur de vapeur RGV 0020\">G\u00e9n\u00e9rateur de vapeur RGV 0020<\/a><\/h2>\n        <div class=\"card-icon\"><img loading=\"lazy\" decoding=\"async\" src=\"https:\/\/giconmes.es\/wp-content\/themes\/giconmes\/assets\/icons\/arrow-card.svg\" width=\"44\" height=\"32\" alt=\"Flecha\" title=\"Generadores de vapor industrial Giconmes\"><\/div>\n    <\/div> \n<\/div><div id=\"post-9673\" class=\"card-horizontal post-9673 productos type-productos status-publish has-post-thumbnail hentry\">  \n    <div class=\"card-img\">\n        <img loading=\"lazy\" decoding=\"async\" width=\"200\" height=\"160\" src=\"https:\/\/giconmes.es\/wp-content\/uploads\/2023\/02\/RGV0010-removebg-preview-200x160.png\" class=\"attachment-card-horizontal size-card-horizontal wp-post-image\" alt=\". Generadores de vapor industrial Giconmes\" title=\"Generadores de vapor industrial Giconmes\">    <\/div>\n    \n    <div class=\"card-title\">  \n              \n        <h2 class=\"text-h5\"><a href=\"https:\/\/giconmes.es\/fr\/generateurs-de-vapeur\/generateurs-de-vapeur-mobiles\/generateur-de-vapeur-rgv0010\/\" title=\"G\u00e9n\u00e9rateur de vapeur RGV0010\">G\u00e9n\u00e9rateur de vapeur RGV0010<\/a><\/h2>\n        <div class=\"card-icon\"><img loading=\"lazy\" decoding=\"async\" src=\"https:\/\/giconmes.es\/wp-content\/themes\/giconmes\/assets\/icons\/arrow-card.svg\" width=\"44\" height=\"32\" alt=\"Flecha\" title=\"Generadores de vapor industrial Giconmes\"><\/div>\n    <\/div> \n<\/div><div id=\"post-9832\" class=\"card-horizontal post-9832 productos type-productos status-publish has-post-thumbnail hentry\">  \n    <div class=\"card-img\">\n        <img loading=\"lazy\" decoding=\"async\" width=\"197\" height=\"160\" src=\"https:\/\/giconmes.es\/wp-content\/uploads\/2023\/02\/NGV60120-1.png\" class=\"attachment-card-horizontal size-card-horizontal wp-post-image\" alt=\". Generadores de vapor industrial Giconmes\" srcset=\"https:\/\/giconmes.es\/wp-content\/uploads\/2023\/02\/NGV60120-1.png 3333w, https:\/\/giconmes.es\/wp-content\/uploads\/2023\/02\/NGV60120-1-300x244.png 300w, https:\/\/giconmes.es\/wp-content\/uploads\/2023\/02\/NGV60120-1-1024x832.png 1024w, https:\/\/giconmes.es\/wp-content\/uploads\/2023\/02\/NGV60120-1-768x624.png 768w, https:\/\/giconmes.es\/wp-content\/uploads\/2023\/02\/NGV60120-1-1536x1248.png 1536w, https:\/\/giconmes.es\/wp-content\/uploads\/2023\/02\/NGV60120-1-2048x1664.png 2048w\" sizes=\"auto, (max-width: 197px) 100vw, 197px\" title=\"Generadores de vapor industrial Giconmes\">    <\/div>\n    \n    <div class=\"card-title\">  \n              \n        <h2 class=\"text-h5\"><a href=\"https:\/\/giconmes.es\/fr\/generateurs-de-vapeur\/generateurs-de-vapeur-statique\/generateur-de-vapeur-ngv-60120\/\" title=\"G\u00e9n\u00e9rateur de vapeur NGV 60120\">G\u00e9n\u00e9rateur de vapeur NGV 60120<\/a><\/h2>\n        <div class=\"card-icon\"><img loading=\"lazy\" decoding=\"async\" src=\"https:\/\/giconmes.es\/wp-content\/themes\/giconmes\/assets\/icons\/arrow-card.svg\" width=\"44\" height=\"32\" alt=\"Flecha\" title=\"Generadores de vapor industrial Giconmes\"><\/div>\n    <\/div> \n<\/div><div id=\"post-9836\" class=\"card-horizontal post-9836 productos type-productos status-publish has-post-thumbnail hentry\">  \n    <div class=\"card-img\">\n        <img loading=\"lazy\" decoding=\"async\" width=\"132\" height=\"160\" src=\"https:\/\/giconmes.es\/wp-content\/uploads\/2023\/02\/NGV60180.png\" class=\"attachment-card-horizontal size-card-horizontal wp-post-image\" alt=\". Generadores de vapor industrial Giconmes\" srcset=\"https:\/\/giconmes.es\/wp-content\/uploads\/2023\/02\/NGV60180.png 617w, https:\/\/giconmes.es\/wp-content\/uploads\/2023\/02\/NGV60180-247x300.png 247w\" sizes=\"auto, (max-width: 132px) 100vw, 132px\" title=\"Generadores de vapor industrial Giconmes\">    <\/div>\n    \n    <div class=\"card-title\">  \n              \n        <h2 class=\"text-h5\"><a href=\"https:\/\/giconmes.es\/fr\/generateurs-de-vapeur\/generateurs-de-vapeur-statique\/generateur-de-vapeur-ngv-60180\/\" title=\"G\u00e9n\u00e9rateur de vapeur NGV 60180\">G\u00e9n\u00e9rateur de vapeur NGV 60180<\/a><\/h2>\n        <div class=\"card-icon\"><img loading=\"lazy\" decoding=\"async\" src=\"https:\/\/giconmes.es\/wp-content\/themes\/giconmes\/assets\/icons\/arrow-card.svg\" width=\"44\" height=\"32\" alt=\"Flecha\" title=\"Generadores de vapor industrial Giconmes\"><\/div>\n    <\/div> \n<\/div>    <\/div>\n<\/div>\n\n\n<div style=\"height:96px\" aria-hidden=\"true\" class=\"wp-block-spacer\"><\/div>\n\n<div class=\"wp-block-group\"><div class=\"wp-block-group__inner-container is-layout-constrained wp-block-group-is-layout-constrained\">\n<div class=\"wp-block-columns are-vertically-aligned-center mb-0 has-body-white-color has-primary-background-color has-text-color has-background is-layout-flex wp-container-core-columns-is-layout-4 wp-block-columns-is-layout-flex\">\n<div class=\"wp-block-column is-vertically-aligned-center dnone-tablet is-layout-flow wp-block-column-is-layout-flow\" style=\"flex-basis:8.33%\"><\/div>\n\n\n\n<div class=\"wp-block-column is-vertically-aligned-center is-layout-flow wp-block-column-is-layout-flow\">\n<p class=\"text-h4 is-style-title-has-image\"><img loading=\"lazy\" decoding=\"async\" width=\"33\" height=\"24\" class=\"wp-image-447\" style=\"width: 33px;\" src=\"https:\/\/giconmes.es\/wp-content\/uploads\/2023\/01\/dot.svg\" alt=\". Generadores de vapor industrial Giconmes\" title=\"Generadores de vapor industrial Giconmes\">FAQS<\/p>\n<\/div>\n\n\n\n<div class=\"wp-block-column is-vertically-aligned-center is-layout-flow wp-block-column-is-layout-flow\">\n<p class=\"text-h5\">Nous comprenons que de nombreuses questions se posent.\nVoici quelques-unes des plus courantes. <\/p>\n<\/div>\n\n\n\n<div class=\"wp-block-column is-vertically-aligned-center dnone-tablet is-layout-flow wp-block-column-is-layout-flow\" style=\"flex-basis:8.33%\"><\/div>\n<\/div>\n\n\n\n<div class=\"wp-block-columns has-bg-40-background-color has-background is-layout-flex wp-container-core-columns-is-layout-6 wp-block-columns-is-layout-flex\">\n<div class=\"wp-block-column dnone-tablet is-layout-flow wp-block-column-is-layout-flow\" style=\"flex-basis:8.33%\"><\/div>\n\n\n\n<div class=\"wp-block-column is-layout-flow wp-block-column-is-layout-flow\">\n\n<div id=\"faqs--block_a9f94fea3bb55569efa5add0b7261815\" class=\"faqs-block mb-6\">\n        \n    <button class=\"faqs-btn\">\n        <span>\n            <div class=\"screen-reader-text\">Open<\/div>\n        <\/span>\n        Quelles sont les \u00e9missions produites par une chaudi\u00e8re \u00e9lectrique ?    <\/button>\n\n    <div class=\"faqs-content\">\n        <div class=\"mt-1 mb-2\"><p class=\"p1\">Il n&rsquo;y a pas d&rsquo;\u00e9missions polluantes autres que celles produites dans le processus de production d&rsquo;\u00e9lectricit\u00e9, de sorte qu&rsquo;elles peuvent devenir neutres en fonction du mix \u00e9lectrique.<br \/>\nLes chaudi\u00e8res \u00e9lectriques \u00e0 vapeur sont le pr\u00e9sent et l&rsquo;avenir. <\/p>\n<\/div>\n    <\/div>\n\n        \n    <button class=\"faqs-btn\">\n        <span>\n            <div class=\"screen-reader-text\">Open<\/div>\n        <\/span>\n        Est-il possible d&rsquo;automatiser le fonctionnement d&rsquo;un g\u00e9n\u00e9rateur de vapeur ?\nPeut-il \u00eatre contr\u00f4l\u00e9 \u00e0 distance ?     <\/button>\n\n    <div class=\"faqs-content\">\n        <div class=\"mt-1 mb-2\"><p class=\"p1\">Parfaitement.<br \/>\nElle est m\u00eame recommand\u00e9e pour une efficacit\u00e9 maximale.<br \/>\nIl n&rsquo;y a pas de probl\u00e8me de t\u00e9l\u00e9commande tant que la r\u00e9glementation en vigueur est respect\u00e9e.  <\/p>\n<\/div>\n    <\/div>\n\n        \n    <button class=\"faqs-btn\">\n        <span>\n            <div class=\"screen-reader-text\">Open<\/div>\n        <\/span>\n        Quel est l&rsquo;entretien d&rsquo;un g\u00e9n\u00e9rateur de vapeur \u00e9lectrique ?    <\/button>\n\n    <div class=\"faqs-content\">\n        <div class=\"mt-1 mb-2\"><p class=\"p1\">Un g\u00e9n\u00e9rateur de vapeur est un \u00e9quipement sous pression qui, avec le r\u00e9seau de tuyauterie concern\u00e9, est soumis \u00e0 un contr\u00f4le r\u00e9glementaire et \u00e0 des instructions techniques compl\u00e9mentaires, conform\u00e9ment au r\u00e8glement publi\u00e9 dans le d\u00e9cret royal 809\/2021, du 21 septembre.<br \/>\nSon entretien est divis\u00e9 en une partie de conformit\u00e9 simple par le propri\u00e9taire : <\/p>\n<ol>\n<li class=\"p1\">Conna\u00eetre et appliquer les instructions d&rsquo;utilisation, les moyens de s\u00e9curit\u00e9 et l&rsquo;entretien du fabricant.<\/li>\n<li class=\"p1\">Ne pas mettre en service l&rsquo;installation ou emp\u00eacher le fonctionnement de l&rsquo;\u00e9quipement sous pression si les exigences du r\u00e8glement ne sont pas respect\u00e9es.<\/li>\n<li class=\"p1\">Disposer au moins de la documentation suivante pour l&rsquo;\u00e9quipement sous pression lorsqu&rsquo;il est install\u00e9 : d\u00e9claration de conformit\u00e9, le cas \u00e9ch\u00e9ant, instructions du fabricant et, le cas \u00e9ch\u00e9ant, certificat d&rsquo;installation, ainsi que d&rsquo;autres documents justificatifs (le cas \u00e9ch\u00e9ant, projet d&rsquo;installation, rapport de la derni\u00e8re inspection p\u00e9riodique, certificats de r\u00e9paration ou de modification de l&rsquo;\u00e9quipement, ainsi que tout autre document requis par l&rsquo;instruction technique compl\u00e9mentaire (ITC) correspondante du pr\u00e9sent r\u00e8glement). Pour le contenu, voir l&rsquo;annexe IV du r\u00e8glement. Cette documentation est \u00e0 la disposition de l&rsquo;organisme comp\u00e9tent de la communaut\u00e9 autonome et des entreprises qui effectuent l&rsquo;entretien, les r\u00e9parations ou les contr\u00f4les p\u00e9riodiques.<\/li>\n<li class=\"p1\">Utilisez l&rsquo;\u00e9quipement sous pression dans les limites de fonctionnement sp\u00e9cifi\u00e9es par le fabricant et mettez-le hors service s&rsquo;il ne r\u00e9pond plus aux exigences de s\u00e9curit\u00e9 n\u00e9cessaires.<\/li>\n<li class=\"p1\">Entretenir les installations, les \u00e9quipements sous pression, les accessoires de s\u00e9curit\u00e9 et les dispositifs de contr\u00f4le conform\u00e9ment aux conditions d&rsquo;exploitation et aux instructions du fabricant et <b>les inspecter au moins une fois par an <\/b>.  <\/li>\n<li class=\"p1\">Ordonner des contr\u00f4les p\u00e9riodiques conform\u00e9ment aux dispositions de l&rsquo;article 6 du r\u00e8glement.<\/li>\n<li class=\"p1\">Disposer et tenir \u00e0 jour un registre des \u00e9quipements sous pression des cat\u00e9gories I \u00e0 IV, du RD 709\/2015, du 24 juillet, ou assimil\u00e9s \u00e0 ces cat\u00e9gories conform\u00e9ment \u00e0 l&rsquo;article 3.2 du r\u00e8glement, ainsi que de leurs installations.<\/li>\n<\/ol>\n<\/div>\n    <\/div>\n\n        \n    <button class=\"faqs-btn\">\n        <span>\n            <div class=\"screen-reader-text\">Open<\/div>\n        <\/span>\n        \u00c0 quelle temp\u00e9rature la vapeur est-elle produite ?\nPeut-on la contr\u00f4ler et la faire varier en fonction des besoins ?     <\/button>\n\n    <div class=\"faqs-content\">\n        <div class=\"mt-1 mb-2\"><p class=\"p1\">Il est bien connu qu&rsquo;en appliquant une source de chaleur \u00e0 l&rsquo;eau, celle-ci se transforme en vapeur \u00e0 partir du point d&rsquo;\u00e9bullition et \u00e0 la pression atmosph\u00e9rique.<br \/>\n\u00c0 partir de ce point, en fonction du degr\u00e9 de saturation de la vapeur requis pour son application correcte, nous devrons augmenter la pression afin d&rsquo;obtenir une temp\u00e9rature plus \u00e9lev\u00e9e.<br \/>\nPour modifier la temp\u00e9rature et le degr\u00e9 de saturation de la vapeur, il faut toujours modifier la pression.  <\/p>\n<\/div>\n    <\/div>\n\n        \n    <button class=\"faqs-btn\">\n        <span>\n            <div class=\"screen-reader-text\">Open<\/div>\n        <\/span>\n        Qu&rsquo;est-ce qu&rsquo;une barre en thermodynamique ?    <\/button>\n\n    <div class=\"faqs-content\">\n        <div class=\"mt-1 mb-2\"><p class=\"p1\">Il s&rsquo;agit d&rsquo;une unit\u00e9 de pression \u00e9quivalente \u00e0 1Kg\/cm2, 0,98 atmosph\u00e8re ou 14,50 PSI.<\/p>\n<\/div>\n    <\/div>\n\n    <\/div>\n\n<script>\nvar acc = document.querySelectorAll( \"#faqs--block_a9f94fea3bb55569efa5add0b7261815 .faqs-btn\");\nvar i;\n\nfor (i = 0; i < acc.length; i++) {\n    acc[i].addEventListener(\"click\", function() {\n        this.classList.toggle(\"active\");\n        var panel = this.nextElementSibling;\n        if (panel.style.maxHeight) {\n            panel.style.maxHeight = null;\n        } else {\n            panel.style.maxHeight = panel.scrollHeight + \"px\";\n        }\n    });\n}\n<\/script>\n\n\n<div style=\"height:56px\" aria-hidden=\"true\" class=\"wp-block-spacer\"><\/div>\n\n\n\n<div class=\"wp-block-columns is-layout-flex wp-container-core-columns-is-layout-5 wp-block-columns-is-layout-flex\">\n<div class=\"wp-block-column is-layout-flow wp-block-column-is-layout-flow\">\n<p class=\"text-h3 has-body-medium-color has-text-color\">Vous n'avez pas trouv\u00e9 les r\u00e9ponses \u00e0 vos questions ?<\/p>\n\n\n\n<p>Envoyez-nous une demande de renseignements ou t\u00e9l\u00e9chargez toutes les informations<\/p>\n<\/div>\n\n\n\n<div class=\"wp-block-column is-layout-flow wp-block-column-is-layout-flow\">\n<div class=\"wp-block-contact-form-7-contact-form-selector\">\n<div class=\"wpcf7 no-js\" id=\"wpcf7-f10369-o1\" lang=\"fr-FR\" dir=\"ltr\" data-wpcf7-id=\"10369\">\n<div class=\"screen-reader-response\"><p role=\"status\" aria-live=\"polite\" aria-atomic=\"true\"><\/p> <ul><\/ul><\/div>\n<form action=\"\/fr\/wp-json\/wp\/v2\/productos\/9684#wpcf7-f10369-o1\" method=\"post\" class=\"wpcf7-form init\" aria-label=\"Formulaire de contact\" novalidate=\"novalidate\" data-status=\"init\">\n<fieldset class=\"hidden-fields-container\"><input type=\"hidden\" name=\"_wpcf7\" value=\"10369\" \/><input type=\"hidden\" name=\"_wpcf7_version\" value=\"6.1.5\" \/><input type=\"hidden\" name=\"_wpcf7_locale\" value=\"fr_FR\" \/><input type=\"hidden\" name=\"_wpcf7_unit_tag\" value=\"wpcf7-f10369-o1\" \/><input type=\"hidden\" name=\"_wpcf7_container_post\" value=\"0\" \/><input type=\"hidden\" name=\"_wpcf7_posted_data_hash\" value=\"\" \/><input type=\"hidden\" name=\"_wpcf7_recaptcha_response\" value=\"\" \/>\n<\/fieldset>\n<p><label> Nom <span class=\"wpcf7-form-control-wrap\" data-name=\"your-name\"><input size=\"40\" maxlength=\"400\" class=\"wpcf7-form-control wpcf7-text wpcf7-validates-as-required\" autocomplete=\"name\" aria-required=\"true\" aria-invalid=\"false\" value=\"\" type=\"text\" name=\"your-name\" \/><\/span> <\/label>\n<\/p>\n<p><label> Courriel <span class=\"wpcf7-form-control-wrap\" data-name=\"your-email\"><input size=\"40\" maxlength=\"400\" class=\"wpcf7-form-control wpcf7-email wpcf7-validates-as-required wpcf7-text wpcf7-validates-as-email\" autocomplete=\"email\" aria-required=\"true\" aria-invalid=\"false\" value=\"\" type=\"email\" name=\"your-email\" \/><\/span> <\/label>\n<\/p>\n<p><label> Message (facultatif) <span class=\"wpcf7-form-control-wrap\" data-name=\"your-message\"><textarea cols=\"40\" rows=\"4\" maxlength=\"2000\" class=\"wpcf7-form-control wpcf7-textarea\" aria-invalid=\"false\" name=\"your-message\"><\/textarea><\/span> <\/label>\n<\/p>\n<p><span class=\"wpcf7-form-control-wrap\" data-name=\"acceptance-320\"><span class=\"wpcf7-form-control wpcf7-acceptance\"><span class=\"wpcf7-list-item\"><label><input type=\"checkbox\" name=\"acceptance-320\" value=\"1\" aria-invalid=\"false\" \/><span class=\"wpcf7-list-item-label\">J'ai lu et j'accepte la <a href=\"\">politique de confidentialit\u00e9<\/a><\/span><\/label><\/span><\/span><\/span>\n<\/p>\n<p><input class=\"wpcf7-form-control wpcf7-submit has-spinner\" type=\"submit\" value=\"Envoyer\" \/>\n<\/p><p style=\"display: none !important;\" class=\"akismet-fields-container\" data-prefix=\"_wpcf7_ak_\"><label>&#916;<textarea name=\"_wpcf7_ak_hp_textarea\" cols=\"45\" rows=\"8\" maxlength=\"100\"><\/textarea><\/label><input type=\"hidden\" id=\"ak_js_1\" name=\"_wpcf7_ak_js\" value=\"209\"\/><script>\ndocument.getElementById( \"ak_js_1\" ).setAttribute( \"value\", ( new Date() ).getTime() );\n<\/script>\n<\/p><div class=\"wpcf7-response-output\" aria-hidden=\"true\"><\/div>\n<\/form>\n<\/div>\n<\/div>\n<\/div>\n<\/div>\n<\/div>\n\n\n\n<div class=\"wp-block-column dnone-tablet is-layout-flow wp-block-column-is-layout-flow\" style=\"flex-basis:8.33%\"><\/div>\n<\/div>\n<\/div><\/div>\n\n<div style=\"height:112px\" aria-hidden=\"true\" class=\"wp-block-spacer\"><\/div>\n\n<div class=\"wp-block-group alignfull has-gradient-left-gradient-background has-background\"><div class=\"wp-block-group__inner-container is-layout-constrained wp-block-group-is-layout-constrained\">\n<div class=\"wp-block-cover alignwide\" style=\"min-height:784px;aspect-ratio:unset;\"><span aria-hidden=\"true\" class=\"wp-block-cover__background has-primary-100-background-color has-background-dim\"><\/span><img loading=\"lazy\" decoding=\"async\" width=\"1312\" height=\"844\" class=\"wp-block-cover__image-background wp-image-357\" alt=\". Generadores de vapor industrial Giconmes\" src=\"https:\/\/giconmes.es\/wp-content\/uploads\/2023\/02\/CTA-2.jpg\" data-object-fit=\"cover\" title=\"Generadores de vapor industrial Giconmes\" srcset=\"https:\/\/giconmes.es\/wp-content\/uploads\/2023\/02\/CTA-2.jpg 1312w, https:\/\/giconmes.es\/wp-content\/uploads\/2023\/02\/CTA-2-300x193.jpg 300w, https:\/\/giconmes.es\/wp-content\/uploads\/2023\/02\/CTA-2-1024x659.jpg 1024w, https:\/\/giconmes.es\/wp-content\/uploads\/2023\/02\/CTA-2-768x494.jpg 768w\" sizes=\"auto, (max-width: 1312px) 100vw, 1312px\" \/><div class=\"wp-block-cover__inner-container is-layout-flow wp-block-cover-is-layout-flow\">\n<div style=\"height:124px\" aria-hidden=\"true\" class=\"wp-block-spacer\"><\/div>\n\n\n\n<div class=\"wp-block-columns is-layout-flex wp-container-core-columns-is-layout-7 wp-block-columns-is-layout-flex\">\n<div class=\"wp-block-column is-layout-flow wp-block-column-is-layout-flow\" style=\"flex-basis:50%\">\n<p class=\"has-text-align-left text-h3 has-body-white-color has-text-color has-large-font-size\">Un service technique rapide, avec des professionnels form\u00e9s et des plans de service ax\u00e9s sur votre activit\u00e9.<\/p>\n\n\n\n<div style=\"height:56px\" aria-hidden=\"true\" class=\"wp-block-spacer\"><\/div>\n\n\n\n<div class=\"wp-block-buttons is-layout-flex wp-block-buttons-is-layout-flex\">\n<div class=\"wp-block-button\"><a class=\"wp-block-button__link has-primary-background-color has-background wp-element-button\" href=\"tel:+34976500108\">APPELEZ-NOUS<\/a><\/div>\n\n\n\n<div class=\"wp-block-button\"><a class=\"wp-block-button__link has-secondary-background-color has-background wp-element-button\" href=\"https:\/\/giconmes.es\/fr\/contact\/\">CONTACTEZ-NOUS<\/a><\/div>\n\n\n\n<div class=\"wp-block-button is-style-outline is-style-outline--2\"><a class=\"wp-block-button__link has-body-white-color has-text-color wp-element-button\" href=\"https:\/\/giconmes.es\/fr\/faq\/\">FAQS<\/a><\/div>\n<\/div>\n<\/div>\n\n\n\n<div class=\"wp-block-column dnone-tablet is-layout-flow wp-block-column-is-layout-flow\" style=\"flex-basis:50%\"><\/div>\n<\/div>\n\n\n\n<div style=\"height:124px\" aria-hidden=\"true\" class=\"wp-block-spacer\"><\/div>\n<\/div><\/div>\n<\/div><\/div>\n\n<div class=\"wp-block-group alignfull has-gradient-left-gradient-background has-background\"><div class=\"wp-block-group__inner-container is-layout-constrained wp-block-group-is-layout-constrained\">\n<div class=\"wp-block-columns are-vertically-aligned-center is-layout-flex wp-container-core-columns-is-layout-8 wp-block-columns-is-layout-flex\">\n<div class=\"wp-block-column is-vertically-aligned-center is-layout-flow wp-block-column-is-layout-flow\">\n<div style=\"height:64px\" aria-hidden=\"true\" class=\"wp-block-spacer\"><\/div>\n\n\n\n<p class=\"text-h6\">De quel type de syst\u00e8me \u00e0 vapeur avez-vous besoin ?<\/p>\n\n\n\n<h2 class=\"wp-block-heading\">Location de machines<\/h2>\n\n\n\n<p class=\"text-h4 has-primary-color has-text-color\">Un \u00e9quipement fiable et s\u00fbr avec une garantie de 5 ans.<\/p>\n\n\n\n<div style=\"height:32px\" aria-hidden=\"true\" class=\"wp-block-spacer\"><\/div>\n\n\n\n<p><br\/>Profitez de la s\u00e9curit\u00e9 d'un service personnalis\u00e9 24 heures sur 24, 7 jours sur 7, adapt\u00e9 \u00e0 vos besoins.<\/p>\n\n\n\n<div style=\"height:40px\" aria-hidden=\"true\" class=\"wp-block-spacer\"><\/div>\n\n\n\n<p><a href=\"https:\/\/giconmes.es\/fr\/location-de-generateurs\/\" data-type=\"page\" data-id=\"21\"><strong>LOCATION DE G\u00c9N\u00c9RATEURS DE VAPEUR  <\/strong><\/a><\/p>\n<\/div>\n\n\n\n<div class=\"wp-block-column is-vertically-aligned-center dnone-tablet is-layout-flow wp-block-column-is-layout-flow\" style=\"flex-basis:8.3%\"><\/div>\n\n\n\n<div class=\"wp-block-column is-vertically-aligned-center is-layout-flow wp-block-column-is-layout-flow\">\n<figure class=\"wp-block-image size-full\"><img loading=\"lazy\" decoding=\"async\" width=\"518\" height=\"810\" src=\"https:\/\/giconmes.es\/wp-content\/uploads\/2023\/02\/alquiler-maquinaria.png\" alt=\". Generadores de vapor industrial Giconmes\" class=\"wp-image-422\" title=\"Generadores de vapor industrial Giconmes\" srcset=\"https:\/\/giconmes.es\/wp-content\/uploads\/2023\/02\/alquiler-maquinaria.png 518w, https:\/\/giconmes.es\/wp-content\/uploads\/2023\/02\/alquiler-maquinaria-192x300.png 192w\" sizes=\"auto, (max-width: 518px) 100vw, 518px\" \/><\/figure>\n<\/div>\n<\/div>\n<\/div><\/div>\n\n<div style=\"height:112px\" aria-hidden=\"true\" class=\"wp-block-spacer\"><\/div>\n\n<div class=\"wp-block-cover is-light\"><span aria-hidden=\"true\" class=\"wp-block-cover__background has-primary-100-background-color has-background-dim\"><\/span><img loading=\"lazy\" decoding=\"async\" width=\"1216\" height=\"464\" class=\"wp-block-cover__image-background wp-image-459\" alt=\". Generadores de vapor industrial Giconmes\" src=\"https:\/\/giconmes.es\/wp-content\/uploads\/2023\/01\/CTA-3.jpg\" data-object-fit=\"cover\" title=\"Generadores de vapor industrial Giconmes\" srcset=\"https:\/\/giconmes.es\/wp-content\/uploads\/2023\/01\/CTA-3.jpg 1216w, https:\/\/giconmes.es\/wp-content\/uploads\/2023\/01\/CTA-3-300x114.jpg 300w, https:\/\/giconmes.es\/wp-content\/uploads\/2023\/01\/CTA-3-1024x391.jpg 1024w, https:\/\/giconmes.es\/wp-content\/uploads\/2023\/01\/CTA-3-768x293.jpg 768w\" sizes=\"auto, (max-width: 1216px) 100vw, 1216px\" \/><div class=\"wp-block-cover__inner-container is-layout-flow wp-block-cover-is-layout-flow\">\n<div style=\"height:64px\" aria-hidden=\"true\" class=\"wp-block-spacer\"><\/div>\n\n\n\n<div class=\"wp-block-columns is-layout-flex wp-container-core-columns-is-layout-9 wp-block-columns-is-layout-flex\">\n<div class=\"wp-block-column dnone-tablet is-layout-flow wp-block-column-is-layout-flow\" style=\"flex-basis:16.7%\"><\/div>\n\n\n\n<div class=\"wp-block-column is-layout-flow wp-block-column-is-layout-flow\">\n<p class=\"has-text-align-center text-h3 has-body-white-color has-text-color has-large-font-size\">Vous avez besoin d'une solution personnalis\u00e9e ?<\/p>\n\n\n\n<p class=\"has-text-align-center text-h5 has-body-white-color has-text-color\">Nous vous aidons \u00e0 d\u00e9finir le type d'installation dont vous avez besoin<\/p>\n\n\n\n<div style=\"height:56px\" aria-hidden=\"true\" class=\"wp-block-spacer\"><\/div>\n\n\n\n<div class=\"wp-block-buttons is-content-justification-center is-layout-flex wp-container-core-buttons-is-layout-3 wp-block-buttons-is-layout-flex\">\n<div class=\"wp-block-button\"><a class=\"wp-block-button__link has-primary-background-color has-background wp-element-button\" href=\"tel:+34976500108\">APPELEZ-NOUS<\/a><\/div>\n\n\n\n<div class=\"wp-block-button\"><a class=\"wp-block-button__link has-secondary-background-color has-background wp-element-button\" href=\"https:\/\/giconmes.es\/fr\/contact\/\">CONTACTEZ-NOUS<\/a><\/div>\n\n\n\n<div class=\"wp-block-button is-style-outline is-style-outline--3\"><a class=\"wp-block-button__link has-body-white-color has-text-color wp-element-button\" href=\"https:\/\/giconmes.es\/fr\/ingenierie\/faq\/\">FAQS<\/a><\/div>\n<\/div>\n<\/div>\n\n\n\n<div class=\"wp-block-column dnone-tablet is-layout-flow wp-block-column-is-layout-flow\" style=\"flex-basis:16.7%\"><\/div>\n<\/div>\n\n\n\n<div style=\"height:64px\" aria-hidden=\"true\" class=\"wp-block-spacer\"><\/div>\n<\/div><\/div>\n\n<div class=\"wp-block-group\"><div class=\"wp-block-group__inner-container is-layout-constrained wp-block-group-is-layout-constrained\">\n<div class=\"wp-block-columns mb-0 is-layout-flex wp-container-core-columns-is-layout-10 wp-block-columns-is-layout-flex\">\n<div class=\"wp-block-column dnone-tablet is-layout-flow wp-block-column-is-layout-flow\" style=\"flex-basis:8.3%\">\n<figure class=\"wp-block-image size-full\"><img loading=\"lazy\" decoding=\"async\" width=\"9\" height=\"304\" src=\"https:\/\/giconmes.es\/wp-content\/uploads\/2023\/02\/LINE-blog.png\" alt=\". Generadores de vapor industrial Giconmes\" class=\"wp-image-298\" title=\"Generadores de vapor industrial Giconmes\"><\/figure>\n<\/div>\n\n\n\n<div class=\"wp-block-column is-layout-flow wp-block-column-is-layout-flow\" style=\"flex-basis:33.33%\">\n<div style=\"height:96px\" aria-hidden=\"true\" class=\"wp-block-spacer\"><\/div>\n\n\n\n<p class=\"text-h2\">Le blog technologique de Giconmes<\/p>\n<\/div>\n\n\n\n<div class=\"wp-block-column is-layout-flow wp-block-column-is-layout-flow\" style=\"flex-basis:58.3%\">\n<div style=\"height:96px\" aria-hidden=\"true\" class=\"wp-block-spacer dnone-mobile\"><\/div>\n\n\n\n<p>Vous y trouverez des articles informatifs sur la <strong>technologie de la vapeur, son application dans l'industrie et les diff\u00e9rents types d'\u00e9quipements connexes<\/strong>, ainsi que les derni\u00e8res tendances, les installations que nous avons cr\u00e9\u00e9es et les nouveaux d\u00e9veloppements en mati\u00e8re de chaudi\u00e8res ou de g\u00e9n\u00e9rateurs de vapeur pour l'ensemble de l'industrie.  <\/p>\n\n\n\n<p><a href=\"https:\/\/giconmes.es\/fr\/blog\/\" data-type=\"page\" data-id=\"7\"><strong>ALLER AU BLOG<\/strong><\/a><\/p>\n<\/div>\n<\/div>\n\n\n\n<div class=\"wp-block-query is-layout-flow wp-block-query-is-layout-flow\"><ul class=\"columns-3 wp-block-post-template is-layout-grid wp-container-core-post-template-is-layout-1 wp-block-post-template-is-layout-grid\"><li class=\"wp-block-post post-19531 post type-post status-publish format-standard has-post-thumbnail hentry category-industrie category-non-classifiee\">\n<figure style=\"height:280px;\" class=\"wp-block-post-featured-image\"><a href=\"https:\/\/giconmes.es\/fr\/le-role-des-chaudieres-electriques-a-vapeur-dans-la-decarbonisation-et-les-revenus-de-la-chaleur-industrielle\/\" target=\"_self\"  style=\"height:280px\"><img loading=\"lazy\" decoding=\"async\" width=\"1376\" height=\"729\" src=\"https:\/\/giconmes.es\/wp-content\/uploads\/2026\/03\/calderas-vapor-electricas-descarbonizacion-ingresos.webp\" class=\"attachment-post-thumbnail size-post-thumbnail wp-post-image\" alt=\"Le r\u00f4le des chaudi\u00e8res \u00e9lectriques \u00e0 vapeur dans la d\u00e9carbonisation et les revenus de la chaleur industrielle\" style=\"height:280px;object-fit:cover;\" srcset=\"https:\/\/giconmes.es\/wp-content\/uploads\/2026\/03\/calderas-vapor-electricas-descarbonizacion-ingresos.webp 1376w, https:\/\/giconmes.es\/wp-content\/uploads\/2026\/03\/calderas-vapor-electricas-descarbonizacion-ingresos-300x159.webp 300w, https:\/\/giconmes.es\/wp-content\/uploads\/2026\/03\/calderas-vapor-electricas-descarbonizacion-ingresos-1024x543.webp 1024w, https:\/\/giconmes.es\/wp-content\/uploads\/2026\/03\/calderas-vapor-electricas-descarbonizacion-ingresos-768x407.webp 768w\" sizes=\"auto, (max-width: 1376px) 100vw, 1376px\" title=\"Generadores de vapor industrial Giconmes\"><\/a><\/figure>\n\n<div class=\"wp-block-post-date\"><time datetime=\"2026-03-19T12:00:00+01:00\">19 mars 2026<\/time><\/div>\n\n<p class=\"wp-block-post-title\"><a href=\"https:\/\/giconmes.es\/fr\/le-role-des-chaudieres-electriques-a-vapeur-dans-la-decarbonisation-et-les-revenus-de-la-chaleur-industrielle\/\" target=\"_self\" >Le r\u00f4le des chaudi\u00e8res \u00e9lectriques \u00e0 vapeur dans la d\u00e9carbonisation et les revenus de la chaleur industrielle<\/a><\/h4>\n<\/li><li class=\"wp-block-post post-19332 post type-post status-publish format-standard has-post-thumbnail hentry category-chaudieres-et-generateurs-de-vapeur\">\n<figure style=\"height:280px;\" class=\"wp-block-post-featured-image\"><a href=\"https:\/\/giconmes.es\/fr\/pourquoi-de-nombreuses-pieces-natteignent-pas-la-temperature-prevue-erreurs-courantes-dans-le-dimensionnement-thermique-industriel\/\" target=\"_self\"  style=\"height:280px\"><img loading=\"lazy\" decoding=\"async\" width=\"1536\" height=\"1024\" src=\"https:\/\/giconmes.es\/wp-content\/uploads\/2026\/03\/dimensionamiento-termico-industrial-errores-comunes.webp\" class=\"attachment-post-thumbnail size-post-thumbnail wp-post-image\" alt=\"Pourquoi de nombreuses pi\u00e8ces n&rsquo;atteignent pas la temp\u00e9rature pr\u00e9vue : erreurs courantes dans le dimensionnement thermique industriel\" style=\"height:280px;object-fit:cover;\" srcset=\"https:\/\/giconmes.es\/wp-content\/uploads\/2026\/03\/dimensionamiento-termico-industrial-errores-comunes.webp 1536w, https:\/\/giconmes.es\/wp-content\/uploads\/2026\/03\/dimensionamiento-termico-industrial-errores-comunes-300x200.webp 300w, https:\/\/giconmes.es\/wp-content\/uploads\/2026\/03\/dimensionamiento-termico-industrial-errores-comunes-1024x683.webp 1024w, https:\/\/giconmes.es\/wp-content\/uploads\/2026\/03\/dimensionamiento-termico-industrial-errores-comunes-768x512.webp 768w\" sizes=\"auto, (max-width: 1536px) 100vw, 1536px\" title=\"Generadores de vapor industrial Giconmes\"><\/a><\/figure>\n\n<div class=\"wp-block-post-date\"><time datetime=\"2026-03-05T11:00:00+01:00\">5 mars 2026<\/time><\/div>\n\n<p class=\"wp-block-post-title\"><a href=\"https:\/\/giconmes.es\/fr\/pourquoi-de-nombreuses-pieces-natteignent-pas-la-temperature-prevue-erreurs-courantes-dans-le-dimensionnement-thermique-industriel\/\" target=\"_self\" >Pourquoi de nombreuses pi\u00e8ces n&rsquo;atteignent pas la temp\u00e9rature pr\u00e9vue : erreurs courantes dans le dimensionnement thermique industriel<\/a><\/h4>\n<\/li><li class=\"wp-block-post post-19156 post type-post status-publish format-standard has-post-thumbnail hentry category-non-classifiee\">\n<figure style=\"height:280px;\" class=\"wp-block-post-featured-image\"><a href=\"https:\/\/giconmes.es\/fr\/pour-chauffer-les-reacteurs-a-70-c-une-chaudiere-electrique-a-vapeur-ou-une-chaudiere-a-eau-chaude-est-elle-plus-efficace\/\" target=\"_self\"  style=\"height:280px\"><img loading=\"lazy\" decoding=\"async\" width=\"1536\" height=\"1024\" src=\"https:\/\/giconmes.es\/wp-content\/uploads\/2026\/02\/calentar-reactor-70-grados-caldera-de-vapor.webp\" class=\"attachment-post-thumbnail size-post-thumbnail wp-post-image\" alt=\"Pour chauffer les r\u00e9acteurs \u00e0 70 \u00b0C, une chaudi\u00e8re \u00e9lectrique \u00e0 vapeur ou une chaudi\u00e8re \u00e0 eau chaude est-elle plus efficace ?\" style=\"height:280px;object-fit:cover;\" srcset=\"https:\/\/giconmes.es\/wp-content\/uploads\/2026\/02\/calentar-reactor-70-grados-caldera-de-vapor.webp 1536w, https:\/\/giconmes.es\/wp-content\/uploads\/2026\/02\/calentar-reactor-70-grados-caldera-de-vapor-300x200.webp 300w, https:\/\/giconmes.es\/wp-content\/uploads\/2026\/02\/calentar-reactor-70-grados-caldera-de-vapor-1024x683.webp 1024w, https:\/\/giconmes.es\/wp-content\/uploads\/2026\/02\/calentar-reactor-70-grados-caldera-de-vapor-768x512.webp 768w\" sizes=\"auto, (max-width: 1536px) 100vw, 1536px\" title=\"Generadores de vapor industrial Giconmes\"><\/a><\/figure>\n\n<div class=\"wp-block-post-date\"><time datetime=\"2026-02-19T11:00:00+01:00\">19 f\u00e9vrier 2026<\/time><\/div>\n\n<p class=\"wp-block-post-title\"><a href=\"https:\/\/giconmes.es\/fr\/pour-chauffer-les-reacteurs-a-70-c-une-chaudiere-electrique-a-vapeur-ou-une-chaudiere-a-eau-chaude-est-elle-plus-efficace\/\" target=\"_self\" >Pour chauffer les r\u00e9acteurs \u00e0 70 \u00b0C, une chaudi\u00e8re \u00e9lectrique \u00e0 vapeur ou une chaudi\u00e8re \u00e0 eau chaude est-elle plus efficace ?<\/a><\/h4>\n<\/li><li class=\"wp-block-post post-19150 post type-post status-publish format-standard has-post-thumbnail hentry category-chaudieres-et-generateurs-de-vapeur\">\n<figure style=\"height:280px;\" class=\"wp-block-post-featured-image\"><a href=\"https:\/\/giconmes.es\/fr\/7-methodes-industrielles-pour-produire-de-leau-chaude-avec-de-la-vapeur\/\" target=\"_self\"  style=\"height:280px\"><img loading=\"lazy\" decoding=\"async\" width=\"1280\" height=\"853\" src=\"https:\/\/giconmes.es\/wp-content\/uploads\/2026\/02\/metodos-industriales-generacion-agua-caliente-vapor.webp\" class=\"attachment-post-thumbnail size-post-thumbnail wp-post-image\" alt=\"7 m\u00e9thodes industrielles pour produire de l&rsquo;eau chaude avec de la vapeur\" style=\"height:280px;object-fit:cover;\" srcset=\"https:\/\/giconmes.es\/wp-content\/uploads\/2026\/02\/metodos-industriales-generacion-agua-caliente-vapor.webp 1280w, https:\/\/giconmes.es\/wp-content\/uploads\/2026\/02\/metodos-industriales-generacion-agua-caliente-vapor-300x200.webp 300w, https:\/\/giconmes.es\/wp-content\/uploads\/2026\/02\/metodos-industriales-generacion-agua-caliente-vapor-1024x682.webp 1024w, https:\/\/giconmes.es\/wp-content\/uploads\/2026\/02\/metodos-industriales-generacion-agua-caliente-vapor-768x512.webp 768w\" sizes=\"auto, (max-width: 1280px) 100vw, 1280px\" title=\"Generadores de vapor industrial Giconmes\"><\/a><\/figure>\n\n<div class=\"wp-block-post-date\"><time datetime=\"2026-02-12T11:00:00+01:00\">12 f\u00e9vrier 2026<\/time><\/div>\n\n<p class=\"wp-block-post-title\"><a href=\"https:\/\/giconmes.es\/fr\/7-methodes-industrielles-pour-produire-de-leau-chaude-avec-de-la-vapeur\/\" target=\"_self\" >7 m\u00e9thodes industrielles pour produire de l&rsquo;eau chaude avec de la vapeur<\/a><\/h4>\n<\/li><li class=\"wp-block-post post-19043 post type-post status-publish format-standard has-post-thumbnail hentry category-industrie category-non-classifiee\">\n<figure style=\"height:280px;\" class=\"wp-block-post-featured-image\"><a href=\"https:\/\/giconmes.es\/fr\/giconmes-a-fima-agriculture-2026-vapeur-et-automatisation-pour-une-agriculture-plus-durable\/\" target=\"_self\"  style=\"height:280px\"><img loading=\"lazy\" decoding=\"async\" width=\"1536\" height=\"1024\" src=\"https:\/\/giconmes.es\/wp-content\/uploads\/2026\/02\/giconmes-fima-agricola-2026.webp\" class=\"attachment-post-thumbnail size-post-thumbnail wp-post-image\" alt=\"GICONMES \u00e0 FIMA Agriculture 2026 : vapeur et automatisation pour une agriculture plus durable\" style=\"height:280px;object-fit:cover;\" srcset=\"https:\/\/giconmes.es\/wp-content\/uploads\/2026\/02\/giconmes-fima-agricola-2026.webp 1536w, https:\/\/giconmes.es\/wp-content\/uploads\/2026\/02\/giconmes-fima-agricola-2026-300x200.webp 300w, https:\/\/giconmes.es\/wp-content\/uploads\/2026\/02\/giconmes-fima-agricola-2026-1024x683.webp 1024w, https:\/\/giconmes.es\/wp-content\/uploads\/2026\/02\/giconmes-fima-agricola-2026-768x512.webp 768w\" sizes=\"auto, (max-width: 1536px) 100vw, 1536px\" title=\"Generadores de vapor industrial Giconmes\"><\/a><\/figure>\n\n<div class=\"wp-block-post-date\"><time datetime=\"2026-02-05T11:00:00+01:00\">5 f\u00e9vrier 2026<\/time><\/div>\n\n<p class=\"wp-block-post-title\"><a href=\"https:\/\/giconmes.es\/fr\/giconmes-a-fima-agriculture-2026-vapeur-et-automatisation-pour-une-agriculture-plus-durable\/\" target=\"_self\" >GICONMES \u00e0 FIMA Agriculture 2026 : vapeur et automatisation pour une agriculture plus durable<\/a><\/h4>\n<\/li><li class=\"wp-block-post post-18893 post type-post status-publish format-standard has-post-thumbnail hentry category-chaudieres-et-generateurs-de-vapeur\">\n<figure style=\"height:280px;\" class=\"wp-block-post-featured-image\"><a href=\"https:\/\/giconmes.es\/fr\/les-accumulateurs-de-vapeur-ou-comment-doubler-la-vapeur-de-votre-chaudiere-electrique-sans-augmenter-la-puissance-souscrite\/\" target=\"_self\"  style=\"height:280px\"><img loading=\"lazy\" decoding=\"async\" width=\"1536\" height=\"847\" src=\"https:\/\/giconmes.es\/wp-content\/uploads\/2026\/01\/acumuladores-vapor.webp\" class=\"attachment-post-thumbnail size-post-thumbnail wp-post-image\" alt=\"Les accumulateurs de vapeur, ou comment doubler la vapeur de votre chaudi\u00e8re \u00e9lectrique sans augmenter la puissance souscrite.\" style=\"height:280px;object-fit:cover;\" srcset=\"https:\/\/giconmes.es\/wp-content\/uploads\/2026\/01\/acumuladores-vapor.webp 1536w, https:\/\/giconmes.es\/wp-content\/uploads\/2026\/01\/acumuladores-vapor-300x165.webp 300w, https:\/\/giconmes.es\/wp-content\/uploads\/2026\/01\/acumuladores-vapor-1024x565.webp 1024w, https:\/\/giconmes.es\/wp-content\/uploads\/2026\/01\/acumuladores-vapor-768x424.webp 768w\" sizes=\"auto, (max-width: 1536px) 100vw, 1536px\" title=\"Generadores de vapor industrial Giconmes\"><\/a><\/figure>\n\n<div class=\"wp-block-post-date\"><time datetime=\"2026-01-22T11:00:00+01:00\">22 janvier 2026<\/time><\/div>\n\n<p class=\"wp-block-post-title\"><a href=\"https:\/\/giconmes.es\/fr\/les-accumulateurs-de-vapeur-ou-comment-doubler-la-vapeur-de-votre-chaudiere-electrique-sans-augmenter-la-puissance-souscrite\/\" target=\"_self\" >Les accumulateurs de vapeur, ou comment doubler la vapeur de votre chaudi\u00e8re \u00e9lectrique sans augmenter la puissance souscrite.<\/a><\/h4>\n<\/li><\/ul><\/div>\n\n\n\n<div style=\"height:112px\" aria-hidden=\"true\" class=\"wp-block-spacer\"><\/div>\n<\/div><\/div>\n","protected":false},"excerpt":{"rendered":"<p>Syst\u00e8me automatique de nettoyage des bandes transporteuses.<br \/>\nIl incorpore une brosse rotative \u00e0 l&rsquo;int\u00e9rieur pour faciliter l&rsquo;\u00e9limination des r\u00e9sidus grossiers.<br \/>\nIl est aliment\u00e9 par un g\u00e9n\u00e9rateur de vapeur et la salet\u00e9 est extraite \u00e0 l&rsquo;aide d&rsquo;un aspirateur de grande capacit\u00e9.  <\/p>\n","protected":false},"featured_media":9687,"parent":9680,"menu_order":0,"template":"","class_list":["post-9684","productos","type-productos","status-publish","has-post-thumbnail","hentry"],"acf":[],"_links":{"self":[{"href":"https:\/\/giconmes.es\/fr\/wp-json\/wp\/v2\/productos\/9684","targetHints":{"allow":["GET"]}}],"collection":[{"href":"https:\/\/giconmes.es\/fr\/wp-json\/wp\/v2\/productos"}],"about":[{"href":"https:\/\/giconmes.es\/fr\/wp-json\/wp\/v2\/types\/productos"}],"up":[{"embeddable":true,"href":"https:\/\/giconmes.es\/fr\/wp-json\/wp\/v2\/productos\/9680"}],"wp:featuredmedia":[{"embeddable":true,"href":"https:\/\/giconmes.es\/fr\/wp-json\/wp\/v2\/media\/9687"}],"wp:attachment":[{"href":"https:\/\/giconmes.es\/fr\/wp-json\/wp\/v2\/media?parent=9684"}],"curies":[{"name":"wp","href":"https:\/\/api.w.org\/{rel}","templated":true}]}}