{"id":9442,"date":"2023-02-01T14:45:47","date_gmt":"2023-02-01T13:45:47","guid":{"rendered":"https:\/\/giconmes.es\/legalisation-de-lequipement\/"},"modified":"2024-09-17T10:15:16","modified_gmt":"2024-09-17T10:15:16","slug":"legalisation-de-lequipement","status":"publish","type":"page","link":"https:\/\/giconmes.es\/fr\/service-technique\/legalisation-de-lequipement\/","title":{"rendered":"L\u00e9galisation de l&rsquo;\u00e9quipement"},"content":{"rendered":"\n<div class=\"wp-block-columns mb-0 is-layout-flex wp-container-core-columns-is-layout-1 wp-block-columns-is-layout-flex\">\n<div class=\"wp-block-column is-layout-flow wp-block-column-is-layout-flow\" style=\"flex-basis:58.3%\">\n<div style=\"height:112px\" aria-hidden=\"true\" class=\"wp-block-spacer\"><\/div>\n\n\n\n<h2 class=\"wp-block-heading text-h6 has-body-medium-color has-text-color\">\u00e9quipement de g\u00e9n\u00e9rateur de vapeur<\/h2>\n\n\n\n<div style=\"height:16px\" aria-hidden=\"true\" class=\"wp-block-spacer\"><\/div>\n\n\n\n<p class=\"text-h2\">L\u00e9galisation, r\u00e8gles, obligations et exigences<\/p>\n\n\n\n<div style=\"height:32px\" aria-hidden=\"true\" class=\"wp-block-spacer\"><\/div>\n<\/div>\n\n\n\n<div class=\"wp-block-column dnone-tablet is-layout-flow wp-block-column-is-layout-flow\" style=\"flex-basis:8.3%\">\n<figure class=\"wp-block-image size-full\"><img loading=\"lazy\" decoding=\"async\" width=\"9\" height=\"544\" src=\"https:\/\/giconmes.es\/wp-content\/uploads\/2023\/02\/LINE.png\" alt=\". Generadores de vapor industrial Giconmes\" class=\"wp-image-255\" title=\"Generadores de vapor industrial Giconmes\"><\/figure>\n<\/div>\n\n\n\n<div class=\"wp-block-column is-layout-flow wp-block-column-is-layout-flow\" style=\"flex-basis:33.33%\">\n<div style=\"height:160px\" aria-hidden=\"true\" class=\"wp-block-spacer dnone-mobile\"><\/div>\n\n\n\n<p><strong>R\u00e8glements et obligations des utilisateurs<\/strong><\/p>\n\n\n\n<p>Il est important de noter que les r\u00e9glementations et les obligations peuvent varier en fonction du contexte sp\u00e9cifique et qu&rsquo;il incombe aux utilisateurs de s&rsquo;informer et de se conformer aux r\u00e9glementations en vigueur dans leur zone g\u00e9ographique et leur secteur d&rsquo;activit\u00e9.<\/p>\n<\/div>\n<\/div>\n\n<figure class=\"wp-block-image size-large mb-0\"><img loading=\"lazy\" decoding=\"async\" width=\"1024\" height=\"683\" src=\"https:\/\/giconmes.es\/wp-content\/uploads\/2023\/03\/iStock-1348541608-1024x683.jpg\" alt=\". Generadores de vapor industrial Giconmes\" class=\"wp-image-1401\" title=\"Generadores de vapor industrial Giconmes\" srcset=\"https:\/\/giconmes.es\/wp-content\/uploads\/2023\/03\/iStock-1348541608-1024x683.jpg 1024w, https:\/\/giconmes.es\/wp-content\/uploads\/2023\/03\/iStock-1348541608-300x200.jpg 300w, https:\/\/giconmes.es\/wp-content\/uploads\/2023\/03\/iStock-1348541608-768x512.jpg 768w, https:\/\/giconmes.es\/wp-content\/uploads\/2023\/03\/iStock-1348541608-1536x1024.jpg 1536w, https:\/\/giconmes.es\/wp-content\/uploads\/2023\/03\/iStock-1348541608-2048x1365.jpg 2048w\" sizes=\"auto, (max-width: 1024px) 100vw, 1024px\" \/><\/figure>\n\n<div class=\"wp-block-group alignfull mb-0 has-gradient-left-gradient-background has-background\"><div class=\"wp-block-group__inner-container is-layout-constrained wp-block-group-is-layout-constrained\">\n<div style=\"height:96px\" aria-hidden=\"true\" class=\"wp-block-spacer\"><\/div>\n\n\n\n<div class=\"wp-block-columns mb-0 is-layout-flex wp-container-core-columns-is-layout-2 wp-block-columns-is-layout-flex\">\n<div class=\"wp-block-column is-layout-flow wp-block-column-is-layout-flow\">\n<h2 class=\"wp-block-heading\">Qu&rsquo;est-ce qu&rsquo;un \u00e9quipement sous pression ?<\/h2>\n<\/div>\n\n\n\n<div class=\"wp-block-column is-layout-flow wp-block-column-is-layout-flow\">\n<p>Un g\u00e9n\u00e9rateur de vapeur est un \u00e9quipement sous pression.\nLe r\u00e8glement relatif aux \u00e9quipements sous pression (REP) et ses instructions techniques compl\u00e9mentaires, approuv\u00e9s par le d\u00e9cret royal (RD) 2060\/2008 du 12 d\u00e9cembre, \u00e9tablissent clairement, entre autres contributions, <strong>les obligations qui incombent aux propri\u00e9taires d&rsquo;installations et d&rsquo;\u00e9quipements sous pression<\/strong>.\nLe r\u00e8glement susmentionn\u00e9 \u00e9tablit les exigences relatives \u00e0 l&rsquo;installation, \u00e0 la mise en service, aux contr\u00f4les p\u00e9riodiques, aux r\u00e9parations et aux modifications des \u00e9quipements dont la <strong>pression maximale admissible est sup\u00e9rieure \u00e0 0,5 bar, c&rsquo;est-\u00e0-dire les \u00e9quipements, les \u00e9quipements sous pression<\/strong>, les assemblages de tuyaux et les r\u00e9servoirs sous pression simples ou transportables.  <\/p>\n<\/div>\n<\/div>\n\n\n\n<div style=\"height:96px\" aria-hidden=\"true\" class=\"wp-block-spacer\"><\/div>\n\n\n\n<div class=\"wp-block-columns mb-0 is-layout-flex wp-container-core-columns-is-layout-3 wp-block-columns-is-layout-flex\">\n<div class=\"wp-block-column is-layout-flow wp-block-column-is-layout-flow\">\n<h2 class=\"wp-block-heading\">Obligations des utilisateurs<\/h2>\n<\/div>\n\n\n\n<div class=\"wp-block-column dnone-tablet is-layout-flow wp-block-column-is-layout-flow\"><\/div>\n<\/div>\n\n\n\n<div style=\"height:32px\" aria-hidden=\"true\" class=\"wp-block-spacer\"><\/div>\n\n\n\n<div class=\"wp-block-columns mb-0 is-layout-flex wp-container-core-columns-is-layout-4 wp-block-columns-is-layout-flex\">\n<div class=\"wp-block-column is-layout-flow wp-block-column-is-layout-flow\">\n<ul class=\"is-style-arrow-list\">\n<li>Conna\u00eetre et appliquer les instructions d&rsquo;utilisation, les moyens de s\u00e9curit\u00e9 et l&rsquo;entretien du fabricant.<\/li>\n\n\n\n<li>Ne pas mettre en service l&rsquo;installation ou emp\u00eacher le fonctionnement de l&rsquo;\u00e9quipement sous pression si les exigences du r\u00e8glement ne sont pas respect\u00e9es.<\/li>\n\n\n\n<li>Utilisez l&rsquo;\u00e9quipement sous pression dans les limites de fonctionnement sp\u00e9cifi\u00e9es par le fabricant et mettez-le hors service s&rsquo;il ne r\u00e9pond plus aux exigences de s\u00e9curit\u00e9 n\u00e9cessaires.<\/li>\n\n\n\n<li>Entretenir les installations, les \u00e9quipements sous pression, les accessoires de s\u00e9curit\u00e9 et les dispositifs de contr\u00f4le conform\u00e9ment aux conditions d&rsquo;exploitation et aux instructions du fabricant et les inspecter au moins une fois par an.<\/li>\n<\/ul>\n<\/div>\n\n\n\n<div class=\"wp-block-column is-layout-flow wp-block-column-is-layout-flow\">\n<ul class=\"is-style-arrow-list\">\n<li>Ordonner la r\u00e9alisation d&rsquo;inspections p\u00e9riodiques, le cas \u00e9ch\u00e9ant.<\/li>\n\n\n\n<li>Disposer et tenir \u00e0 jour un registre des \u00e9quipements sous pression des cat\u00e9gories I \u00e0 IV, conform\u00e9ment au RD 769\/1999, du 7 mai.<\/li>\n\n\n\n<li>Ordonnez les r\u00e9parations n\u00e9cessaires.<\/li>\n\n\n\n<li>D\u00e9clarer les accidents survenus conform\u00e9ment \u00e0 l&rsquo;article 14 du r\u00e8glement.<\/li>\n<\/ul>\n<\/div>\n<\/div>\n\n\n\n<div style=\"height:64px\" aria-hidden=\"true\" class=\"wp-block-spacer\"><\/div>\n<\/div><\/div>\n\n<div class=\"wp-block-group alignfull has-bg-20-background-color has-background\"><div class=\"wp-block-group__inner-container is-layout-constrained wp-block-group-is-layout-constrained\">\n<div style=\"height:40px\" aria-hidden=\"true\" class=\"wp-block-spacer\"><\/div>\n\n\n\n<div class=\"wp-block-columns is-layout-flex wp-container-core-columns-is-layout-5 wp-block-columns-is-layout-flex\">\n<div class=\"wp-block-column is-layout-flow wp-block-column-is-layout-flow\" style=\"flex-basis:33.33%\">\n<h2 class=\"wp-block-heading text-h5\"><strong>Quelle est la documentation dont l&rsquo;utilisateur doit disposer et qui doit toujours accompagner l&rsquo;\u00e9quipement ou l&rsquo;installation \u00e0 vapeur ?<\/strong><\/h2>\n<\/div>\n\n\n\n<div class=\"wp-block-column dnone-tablet is-layout-flow wp-block-column-is-layout-flow\" style=\"flex-basis:8.3%\"><\/div>\n\n\n\n<div class=\"wp-block-column is-layout-flow wp-block-column-is-layout-flow\" style=\"flex-basis:58.3%\">\n<ul>\n<li><strong>Instructions du fabricant<\/strong>: d\u00e9livr\u00e9es par le fabricant<\/li>\n\n\n\n<li><strong>D\u00e9claration de conformit\u00e9<\/strong>: d\u00e9livr\u00e9e par le fabricant.<\/li>\n\n\n\n<li><strong>Certificat d&rsquo;installation<\/strong>: D\u00e9livr\u00e9 par l&rsquo;installateur s&rsquo;il est diff\u00e9rent du fabricant.<\/li>\n\n\n\n<li><strong>Projet d&rsquo;installation<\/strong>: Il est requis lorsque le r\u00e9sultat de la multiplication de la pression maximale de service (Pm) mesur\u00e9e en bar par le volume (V) mesur\u00e9 en litres de tous les \u00e9quipements de l&rsquo;installation en connexion permanente, \u00e0 l&rsquo;exclusion des tuyaux, est sup\u00e9rieur \u00e0 25 000.\nIl doit \u00eatre \u00e9tabli par l&rsquo;entreprise d&rsquo;installation qualifi\u00e9e EIP-2 telle que <strong>GICONMES IBERICA, S.L.<\/strong> <\/li>\n\n\n\n<li><strong>Registre du dernier contr\u00f4le p\u00e9riodique<\/strong>: D\u00e9livr\u00e9 par l&rsquo;inspecteur.<\/li>\n\n\n\n<li><strong>Certificats de r\u00e9paration ou de modification<\/strong>: Elles sont d\u00e9livr\u00e9es par la personne qui effectue les travaux.<\/li>\n\n\n\n<li><strong>Toute autre documentation requise par l&rsquo;instruction technique compl\u00e9mentaire (ITC) du r\u00e8glement susmentionn\u00e9<\/strong>.<\/li>\n<\/ul>\n\n\n\n<div style=\"height:16px\" aria-hidden=\"true\" class=\"wp-block-spacer\"><\/div>\n<\/div>\n<\/div>\n<\/div><\/div>\n\n<div style=\"height:112px\" aria-hidden=\"true\" class=\"wp-block-spacer\"><\/div>\n\n<div class=\"wp-block-columns mb-0 is-layout-flex wp-container-core-columns-is-layout-6 wp-block-columns-is-layout-flex\">\n<div class=\"wp-block-column is-layout-flow wp-block-column-is-layout-flow\" style=\"flex-basis:58.3%\">\n<p class=\"text-h5\"><strong>Comment l&rsquo;\u00e9quipement d&rsquo;une installation est-il class\u00e9 selon le r\u00e8glement relatif aux \u00e9quipements sous pression (REP) ?<\/strong><\/p>\n\n\n\n<p>Les exigences essentielles de s\u00e9curit\u00e9 pour la commercialisation des \u00e9quipements sous pression sont \u00e9tablies par le RD 709\/2015, du 24 juillet, encadr\u00e9es dans son article 4 ; point 1.2 et repr\u00e9sent\u00e9es dans le tableau 5 de l&rsquo;annexe II, et doivent \u00eatre class\u00e9es selon les cat\u00e9gories indiqu\u00e9es dans l&rsquo;art. 9 du RD 769\/1999 (BOE 31\/05\/1999) qui transpose la directive 97\/23\/CE, abrog\u00e9e depuis le 19 juillet 2016, par l&rsquo;article 50 de la directive 2014\/68\/UE du Parlement europ\u00e9en et du Conseil du 15 mai 2014 relative \u00e0 l&rsquo;harmonisation des l\u00e9gislations des \u00c9tats membres concernant la commercialisation des \u00e9quipements sous pression.<\/p>\n\n\n\n<p>Les g\u00e9n\u00e9rateurs de vapeur fabriqu\u00e9s par <strong>GICONMES IBERICA, S.L.<\/strong> rel\u00e8vent du groupe 2, les fluides qu&rsquo;ils contiennent \u00e9tant consid\u00e9r\u00e9s comme non dangereux (ininflammables, non toxiques, non explosifs, non combustibles), en ce qui concerne leur dangerosit\u00e9, conform\u00e9ment \u00e0 la directive 2014\/68\/UE susmentionn\u00e9e et \u00e0 son article 4 ; annexe II.<\/p>\n<\/div>\n\n\n\n<div class=\"wp-block-column dnone-tablet is-layout-flow wp-block-column-is-layout-flow\" style=\"flex-basis:8.3%\"><\/div>\n\n\n\n<div class=\"wp-block-column is-layout-flow wp-block-column-is-layout-flow\" style=\"flex-basis:33.33%\">\n<p>La classification des \u00e9quipements sous pression qui produisent de la vapeur, conform\u00e9ment au tableau 5 de l&rsquo;annexe II du RD 709\/2015, est la suivante :<\/p>\n\n\n\n<ul>\n<li>Cat\u00e9gorie I : \u00c9quipes avec PxV &lt; 50<\/li>\n\n\n\n<li>Cat\u00e9gorie II : \u00c9quipes dont le PxV est compris entre 50 et 199<\/li>\n\n\n\n<li>Cat\u00e9gorie III : \u00c9quipes dont le PxV est compris entre 200 et 2 999<\/li>\n\n\n\n<li>Cat\u00e9gorie IV : \u00c9quipes avec PxV ?000<\/li>\n<\/ul>\n\n\n\n<div style=\"height:32px\" aria-hidden=\"true\" class=\"wp-block-spacer\"><\/div>\n<\/div>\n<\/div>\n\n<div style=\"height:96px\" aria-hidden=\"true\" class=\"wp-block-spacer\"><\/div>\n\n<div class=\"wp-block-columns is-layout-flex wp-container-core-columns-is-layout-7 wp-block-columns-is-layout-flex\">\n<div class=\"wp-block-column is-layout-flow wp-block-column-is-layout-flow\" style=\"flex-basis:33.33%\">\n<h2 class=\"wp-block-heading text-h5\"><strong>Contr\u00f4les p\u00e9riodiques \u00e0 effectuer sur les \u00e9quipements sous pression et qui doit les effectuer<\/strong><\/h2>\n<\/div>\n\n\n\n<div class=\"wp-block-column dnone-tablet is-layout-flow wp-block-column-is-layout-flow\" style=\"flex-basis:8.3%\"><\/div>\n\n\n\n<div class=\"wp-block-column is-layout-flow wp-block-column-is-layout-flow\" style=\"flex-basis:58.3%\">\n<p>Tous les \u00e9quipements, quelle que soit leur cat\u00e9gorie, doivent faire l&rsquo;objet d&rsquo;essais et d&rsquo;inspections p\u00e9riodiques de leurs caract\u00e9ristiques techniques et de leurs conditions de s\u00e9curit\u00e9 afin d&rsquo;assurer leur bon fonctionnement.<\/p>\n\n\n\n<p>Elles seront r\u00e9alis\u00e9es par :<\/p>\n\n\n\n<ul>\n<li>Fabricant, installateur ou mainteneur qualifi\u00e9 pour la cat\u00e9gorie EIP-2. Habilitation  <strong>GICONMES IBERICA. Dossier S.L. n\u00b0 R002ZA20\/61246.<\/strong><\/li>\n\n\n\n<li>Organismes de contr\u00f4le agr\u00e9\u00e9s (OCA).<\/li>\n<\/ul>\n\n\n\n<div style=\"height:16px\" aria-hidden=\"true\" class=\"wp-block-spacer\"><\/div>\n<\/div>\n<\/div>\n\n<div style=\"height:96px\" aria-hidden=\"true\" class=\"wp-block-spacer\"><\/div>\n\n<div class=\"wp-block-columns is-layout-flex wp-container-core-columns-is-layout-8 wp-block-columns-is-layout-flex\">\n<div class=\"wp-block-column dnone-tablet is-layout-flow wp-block-column-is-layout-flow\" style=\"flex-basis:8.3%\"><\/div>\n\n\n\n<div class=\"wp-block-column is-layout-flow wp-block-column-is-layout-flow\">\n<h2 class=\"wp-block-heading has-text-align-center text-h5\"><strong>Quels sont les tests \u00e0 effectuer et quand ?<\/strong><\/h2>\n\n\n\n<p class=\"has-text-align-center\">Il existe trois niveaux d&rsquo;inspection <strong>OBLIGATOIRE<\/strong> pour les cat\u00e9gories I &#8211; II &#8211; III et IV en fonction du temps \u00e9coul\u00e9 depuis leur mise en service.<\/p>\n\n\n\n<div style=\"height:16px\" aria-hidden=\"true\" class=\"wp-block-spacer\"><\/div>\n<\/div>\n\n\n\n<div class=\"wp-block-column dnone-tablet is-layout-flow wp-block-column-is-layout-flow\" style=\"flex-basis:8.3%\"><\/div>\n<\/div>\n\n<div class=\"wp-block-columns is-layout-flex wp-container-core-columns-is-layout-9 wp-block-columns-is-layout-flex\">\n<div class=\"wp-block-column is-layout-flow wp-block-column-is-layout-flow\">\n<p><strong>Niveau A &#8211;<\/strong> L&rsquo;inspection peut \u00eatre effectu\u00e9e lorsque l&rsquo;\u00e9quipement est en service et doit \u00eatre r\u00e9alis\u00e9e par le fabricant, l&rsquo;installateur ou le responsable de la maintenance qualifi\u00e9 pour la cat\u00e9gorie EIP-2, <strong>avec une<\/strong> v\u00e9rification <strong>annuelle<\/strong> de la <strong>p\u00e9riodicit\u00e9<\/strong>:<\/p>\n\n\n\n<ul>\n<li>Documentation.<\/li>\n\n\n\n<li>Inspection visuelle des pi\u00e8ces sous pression.<\/li>\n\n\n\n<li>Accessoires de s\u00e9curit\u00e9.<\/li>\n<\/ul>\n\n\n\n<p><\/p>\n<\/div>\n\n\n\n<div class=\"wp-block-column is-layout-flow wp-block-column-is-layout-flow\">\n<p><strong><strong>Niveau B.<\/strong> <\/strong>L&rsquo;inspection doit \u00eatre effectu\u00e9e avec l&rsquo;\u00e9quipement hors service et doit \u00eatre r\u00e9alis\u00e9e par un organisme de contr\u00f4le agr\u00e9\u00e9 (OCA) <strong>tous les<strong> TROIS (3) ans<\/strong>, en v\u00e9rifiant :<\/strong><\/p>\n\n\n\n<ul>\n<li>Inspections de niveau A effectu\u00e9es.<\/li>\n\n\n\n<li>Epaisseurs des r\u00e9cipients sous pression.<\/li>\n\n\n\n<li>\u00c9l\u00e9ments de s\u00e9curit\u00e9.<\/li>\n\n\n\n<li>Autres, selon les crit\u00e8res techniques de l&rsquo;OCA.<\/li>\n<\/ul>\n\n\n\n<p><\/p>\n<\/div>\n\n\n\n<div class=\"wp-block-column is-layout-flow wp-block-column-is-layout-flow\">\n<p><strong>Niveau C<\/strong>&#8211; L&rsquo;inspection doit \u00eatre effectu\u00e9e avec l&rsquo;\u00e9quipement hors service et doit \u00eatre r\u00e9alis\u00e9e par un organisme de contr\u00f4le agr\u00e9\u00e9 (OCA) <strong>tous les SIX (6) ans<\/strong>, en v\u00e9rifiant :<\/p>\n\n\n\n<ul>\n<li>Inspections de niveau B effectu\u00e9es.<\/li>\n\n\n\n<li>Essai hydrostatique.<\/li>\n<\/ul>\n<\/div>\n<\/div>\n\n<div style=\"height:96px\" aria-hidden=\"true\" class=\"wp-block-spacer\"><\/div>\n\n<div class=\"wp-block-columns is-layout-flex wp-container-core-columns-is-layout-10 wp-block-columns-is-layout-flex\">\n<div class=\"wp-block-column is-layout-flow wp-block-column-is-layout-flow\" style=\"flex-basis:33.33%\">\n<h2 class=\"wp-block-heading text-h5\"><strong>Exigences de qualit\u00e9 de l&rsquo;eau pour les chaudi\u00e8res \u00e0 vapeur<\/strong><\/h2>\n\n\n\n<div style=\"height:32px\" aria-hidden=\"true\" class=\"wp-block-spacer\"><\/div>\n\n\n\n<div class=\"wp-block-buttons is-layout-flex wp-block-buttons-is-layout-flex\">\n<div class=\"wp-block-button\"><a class=\"wp-block-button__link has-secondary-80-background-color has-background wp-element-button\" href=\"https:\/\/giconmes.es\/wp-content\/uploads\/2023\/03\/AGUA-ANALISIS-PDF.pdf\" target=\"_blank\" rel=\"noreferrer noopener\"><strong>T\u00e9l\u00e9charger le PDF<\/strong><\/a><\/div>\n<\/div>\n<\/div>\n\n\n\n<div class=\"wp-block-column dnone-tablet is-layout-flow wp-block-column-is-layout-flow\" style=\"flex-basis:8.3%\"><\/div>\n\n\n\n<div class=\"wp-block-column is-layout-flow wp-block-column-is-layout-flow\" style=\"flex-basis:58.3%\">\n<p>L&rsquo;eau d&rsquo;alimentation est d\u00e9terminante pour la dur\u00e9e de vie et le fonctionnement d&rsquo;un g\u00e9n\u00e9rateur de vapeur.<\/p>\n\n\n\n<p>Les eaux naturelles contiennent les impuret\u00e9s suivantes :<\/p>\n\n\n\n<ul>\n<li>Gaz en solution (dioxyde de carbone, oxyg\u00e8ne, etc.).<\/li>\n\n\n\n<li>Compos\u00e9s min\u00e9raux (sels de calcium, de magn\u00e9sium, de silice et de sodium).<\/li>\n\n\n\n<li>Particules inorganiques en suspension.<\/li>\n\n\n\n<li>Substances organiques dans certains cas<\/li>\n<\/ul>\n\n\n\n<div style=\"height:16px\" aria-hidden=\"true\" class=\"wp-block-spacer\"><\/div>\n<\/div>\n<\/div>\n\n<div style=\"height:96px\" aria-hidden=\"true\" class=\"wp-block-spacer\"><\/div>\n\n<div class=\"wp-block-cover alignwide\" style=\"min-height:784px;aspect-ratio:unset;\"><span aria-hidden=\"true\" class=\"wp-block-cover__background has-primary-100-background-color has-background-dim\"><\/span><img loading=\"lazy\" decoding=\"async\" width=\"1312\" height=\"844\" class=\"wp-block-cover__image-background wp-image-653\" alt=\". Generadores de vapor industrial Giconmes\" src=\"https:\/\/giconmes.es\/wp-content\/uploads\/2023\/02\/CTA-4.jpg\" data-object-fit=\"cover\" title=\"Generadores de vapor industrial Giconmes\" srcset=\"https:\/\/giconmes.es\/wp-content\/uploads\/2023\/02\/CTA-4.jpg 1312w, https:\/\/giconmes.es\/wp-content\/uploads\/2023\/02\/CTA-4-300x193.jpg 300w, https:\/\/giconmes.es\/wp-content\/uploads\/2023\/02\/CTA-4-1024x659.jpg 1024w, https:\/\/giconmes.es\/wp-content\/uploads\/2023\/02\/CTA-4-768x494.jpg 768w\" sizes=\"auto, (max-width: 1312px) 100vw, 1312px\" \/><div class=\"wp-block-cover__inner-container is-layout-flow wp-block-cover-is-layout-flow\">\n<div style=\"height:124px\" aria-hidden=\"true\" class=\"wp-block-spacer\"><\/div>\n\n\n\n<div class=\"wp-block-columns is-layout-flex wp-container-core-columns-is-layout-11 wp-block-columns-is-layout-flex\">\n<div class=\"wp-block-column is-layout-flow wp-block-column-is-layout-flow\" style=\"flex-basis:50%\">\n<p class=\"has-text-align-left text-h3 has-body-white-color has-text-color has-large-font-size\">Que dois-je faire si la l\u00e9galisation ou les r\u00e9visions de mon \u00e9quipement ne sont pas conformes \u00e0 la r\u00e9glementation ?<\/p>\n\n\n\n<div style=\"height:56px\" aria-hidden=\"true\" class=\"wp-block-spacer\"><\/div>\n\n\n\n<div class=\"wp-block-buttons is-layout-flex wp-block-buttons-is-layout-flex\">\n<div class=\"wp-block-button\"><a class=\"wp-block-button__link has-primary-background-color has-background wp-element-button\" href=\"tel:+34976500108\">APPELEZ-NOUS<\/a><\/div>\n\n\n\n<div class=\"wp-block-button\"><a class=\"wp-block-button__link has-secondary-background-color has-background wp-element-button\" href=\"https:\/\/giconmes.es\/fr\/contact\/\">CONTACTEZ-NOUS<\/a><\/div>\n\n\n\n<div class=\"wp-block-button is-style-outline is-style-outline--1\"><a class=\"wp-block-button__link has-body-white-color has-text-color wp-element-button\" href=\"https:\/\/giconmes.es\/faqs\/\">FAQS<\/a><\/div>\n<\/div>\n<\/div>\n\n\n\n<div class=\"wp-block-column dnone-tablet is-layout-flow wp-block-column-is-layout-flow\" style=\"flex-basis:50%\">\n<p><\/p>\n<\/div>\n<\/div>\n\n\n\n<div style=\"height:124px\" aria-hidden=\"true\" class=\"wp-block-spacer\"><\/div>\n<\/div><\/div>\n\n<div class=\"wp-block-group\"><div class=\"wp-block-group__inner-container is-layout-constrained wp-block-group-is-layout-constrained\">\n<div class=\"wp-block-columns mb-0 is-layout-flex wp-container-core-columns-is-layout-12 wp-block-columns-is-layout-flex\">\n<div class=\"wp-block-column dnone-tablet is-layout-flow wp-block-column-is-layout-flow\" style=\"flex-basis:8.3%\">\n<figure class=\"wp-block-image size-full\"><img loading=\"lazy\" decoding=\"async\" width=\"9\" height=\"304\" src=\"https:\/\/giconmes.es\/wp-content\/uploads\/2023\/02\/LINE-blog.png\" alt=\". Generadores de vapor industrial Giconmes\" class=\"wp-image-298\" title=\"Generadores de vapor industrial Giconmes\"><\/figure>\n<\/div>\n\n\n\n<div class=\"wp-block-column is-layout-flow wp-block-column-is-layout-flow\" style=\"flex-basis:33.33%\">\n<div style=\"height:96px\" aria-hidden=\"true\" class=\"wp-block-spacer\"><\/div>\n\n\n\n<p class=\"text-h2\">Le blog technologique de Giconmes<\/p>\n<\/div>\n\n\n\n<div class=\"wp-block-column is-layout-flow wp-block-column-is-layout-flow\" style=\"flex-basis:58.3%\">\n<div style=\"height:96px\" aria-hidden=\"true\" class=\"wp-block-spacer dnone-mobile\"><\/div>\n\n\n\n<p>Vous y trouverez des articles informatifs sur la <strong>technologie de la vapeur, son application dans l&rsquo;industrie et les diff\u00e9rents types d&rsquo;\u00e9quipements connexes<\/strong>, ainsi que les derni\u00e8res tendances, les installations que nous avons cr\u00e9\u00e9es et les nouveaux d\u00e9veloppements en mati\u00e8re de chaudi\u00e8res ou de g\u00e9n\u00e9rateurs de vapeur pour l&rsquo;ensemble de l&rsquo;industrie.  <\/p>\n\n\n\n<p><a href=\"https:\/\/giconmes.es\/fr\/blog\/\" data-type=\"page\" data-id=\"7\"><strong>ALLER AU BLOG<\/strong><\/a><\/p>\n<\/div>\n<\/div>\n\n\n\n<div class=\"wp-block-query is-layout-flow wp-block-query-is-layout-flow\"><ul class=\"columns-3 wp-block-post-template is-layout-grid wp-container-core-post-template-is-layout-1 wp-block-post-template-is-layout-grid\"><li class=\"wp-block-post post-19531 post type-post status-publish format-standard has-post-thumbnail hentry category-industrie category-non-classifiee\">\n<figure style=\"height:280px;\" class=\"wp-block-post-featured-image\"><a href=\"https:\/\/giconmes.es\/fr\/le-role-des-chaudieres-electriques-a-vapeur-dans-la-decarbonisation-et-les-revenus-de-la-chaleur-industrielle\/\" target=\"_self\"  style=\"height:280px\"><img loading=\"lazy\" decoding=\"async\" width=\"1376\" height=\"729\" src=\"https:\/\/giconmes.es\/wp-content\/uploads\/2026\/03\/calderas-vapor-electricas-descarbonizacion-ingresos.webp\" class=\"attachment-post-thumbnail size-post-thumbnail wp-post-image\" alt=\"Le r\u00f4le des chaudi\u00e8res \u00e9lectriques \u00e0 vapeur dans la d\u00e9carbonisation et les revenus de la chaleur industrielle\" style=\"height:280px;object-fit:cover;\" srcset=\"https:\/\/giconmes.es\/wp-content\/uploads\/2026\/03\/calderas-vapor-electricas-descarbonizacion-ingresos.webp 1376w, https:\/\/giconmes.es\/wp-content\/uploads\/2026\/03\/calderas-vapor-electricas-descarbonizacion-ingresos-300x159.webp 300w, https:\/\/giconmes.es\/wp-content\/uploads\/2026\/03\/calderas-vapor-electricas-descarbonizacion-ingresos-1024x543.webp 1024w, https:\/\/giconmes.es\/wp-content\/uploads\/2026\/03\/calderas-vapor-electricas-descarbonizacion-ingresos-768x407.webp 768w\" sizes=\"auto, (max-width: 1376px) 100vw, 1376px\" title=\"Generadores de vapor industrial Giconmes\"><\/a><\/figure>\n\n<div class=\"wp-block-post-date\"><time datetime=\"2026-03-19T12:00:00+01:00\">19 mars 2026<\/time><\/div>\n\n<p class=\"wp-block-post-title\"><a href=\"https:\/\/giconmes.es\/fr\/le-role-des-chaudieres-electriques-a-vapeur-dans-la-decarbonisation-et-les-revenus-de-la-chaleur-industrielle\/\" target=\"_self\" >Le r\u00f4le des chaudi\u00e8res \u00e9lectriques \u00e0 vapeur dans la d\u00e9carbonisation et les revenus de la chaleur industrielle<\/a><\/h4>\n<\/li><li class=\"wp-block-post post-19332 post type-post status-publish format-standard has-post-thumbnail hentry category-chaudieres-et-generateurs-de-vapeur\">\n<figure style=\"height:280px;\" class=\"wp-block-post-featured-image\"><a href=\"https:\/\/giconmes.es\/fr\/pourquoi-de-nombreuses-pieces-natteignent-pas-la-temperature-prevue-erreurs-courantes-dans-le-dimensionnement-thermique-industriel\/\" target=\"_self\"  style=\"height:280px\"><img loading=\"lazy\" decoding=\"async\" width=\"1536\" height=\"1024\" src=\"https:\/\/giconmes.es\/wp-content\/uploads\/2026\/03\/dimensionamiento-termico-industrial-errores-comunes.webp\" class=\"attachment-post-thumbnail size-post-thumbnail wp-post-image\" alt=\"Pourquoi de nombreuses pi\u00e8ces n&rsquo;atteignent pas la temp\u00e9rature pr\u00e9vue : erreurs courantes dans le dimensionnement thermique industriel\" style=\"height:280px;object-fit:cover;\" srcset=\"https:\/\/giconmes.es\/wp-content\/uploads\/2026\/03\/dimensionamiento-termico-industrial-errores-comunes.webp 1536w, https:\/\/giconmes.es\/wp-content\/uploads\/2026\/03\/dimensionamiento-termico-industrial-errores-comunes-300x200.webp 300w, https:\/\/giconmes.es\/wp-content\/uploads\/2026\/03\/dimensionamiento-termico-industrial-errores-comunes-1024x683.webp 1024w, https:\/\/giconmes.es\/wp-content\/uploads\/2026\/03\/dimensionamiento-termico-industrial-errores-comunes-768x512.webp 768w\" sizes=\"auto, (max-width: 1536px) 100vw, 1536px\" title=\"Generadores de vapor industrial Giconmes\"><\/a><\/figure>\n\n<div class=\"wp-block-post-date\"><time datetime=\"2026-03-05T11:00:00+01:00\">5 mars 2026<\/time><\/div>\n\n<p class=\"wp-block-post-title\"><a href=\"https:\/\/giconmes.es\/fr\/pourquoi-de-nombreuses-pieces-natteignent-pas-la-temperature-prevue-erreurs-courantes-dans-le-dimensionnement-thermique-industriel\/\" target=\"_self\" >Pourquoi de nombreuses pi\u00e8ces n&rsquo;atteignent pas la temp\u00e9rature pr\u00e9vue : erreurs courantes dans le dimensionnement thermique industriel<\/a><\/h4>\n<\/li><li class=\"wp-block-post post-19156 post type-post status-publish format-standard has-post-thumbnail hentry category-non-classifiee\">\n<figure style=\"height:280px;\" class=\"wp-block-post-featured-image\"><a href=\"https:\/\/giconmes.es\/fr\/pour-chauffer-les-reacteurs-a-70-c-une-chaudiere-electrique-a-vapeur-ou-une-chaudiere-a-eau-chaude-est-elle-plus-efficace\/\" target=\"_self\"  style=\"height:280px\"><img loading=\"lazy\" decoding=\"async\" width=\"1536\" height=\"1024\" src=\"https:\/\/giconmes.es\/wp-content\/uploads\/2026\/02\/calentar-reactor-70-grados-caldera-de-vapor.webp\" class=\"attachment-post-thumbnail size-post-thumbnail wp-post-image\" alt=\"Pour chauffer les r\u00e9acteurs \u00e0 70 \u00b0C, une chaudi\u00e8re \u00e9lectrique \u00e0 vapeur ou une chaudi\u00e8re \u00e0 eau chaude est-elle plus efficace ?\" style=\"height:280px;object-fit:cover;\" srcset=\"https:\/\/giconmes.es\/wp-content\/uploads\/2026\/02\/calentar-reactor-70-grados-caldera-de-vapor.webp 1536w, https:\/\/giconmes.es\/wp-content\/uploads\/2026\/02\/calentar-reactor-70-grados-caldera-de-vapor-300x200.webp 300w, https:\/\/giconmes.es\/wp-content\/uploads\/2026\/02\/calentar-reactor-70-grados-caldera-de-vapor-1024x683.webp 1024w, https:\/\/giconmes.es\/wp-content\/uploads\/2026\/02\/calentar-reactor-70-grados-caldera-de-vapor-768x512.webp 768w\" sizes=\"auto, (max-width: 1536px) 100vw, 1536px\" title=\"Generadores de vapor industrial Giconmes\"><\/a><\/figure>\n\n<div class=\"wp-block-post-date\"><time datetime=\"2026-02-19T11:00:00+01:00\">19 f\u00e9vrier 2026<\/time><\/div>\n\n<p class=\"wp-block-post-title\"><a href=\"https:\/\/giconmes.es\/fr\/pour-chauffer-les-reacteurs-a-70-c-une-chaudiere-electrique-a-vapeur-ou-une-chaudiere-a-eau-chaude-est-elle-plus-efficace\/\" target=\"_self\" >Pour chauffer les r\u00e9acteurs \u00e0 70 \u00b0C, une chaudi\u00e8re \u00e9lectrique \u00e0 vapeur ou une chaudi\u00e8re \u00e0 eau chaude est-elle plus efficace ?<\/a><\/h4>\n<\/li><li class=\"wp-block-post post-19150 post type-post status-publish format-standard has-post-thumbnail hentry category-chaudieres-et-generateurs-de-vapeur\">\n<figure style=\"height:280px;\" class=\"wp-block-post-featured-image\"><a href=\"https:\/\/giconmes.es\/fr\/7-methodes-industrielles-pour-produire-de-leau-chaude-avec-de-la-vapeur\/\" target=\"_self\"  style=\"height:280px\"><img loading=\"lazy\" decoding=\"async\" width=\"1280\" height=\"853\" src=\"https:\/\/giconmes.es\/wp-content\/uploads\/2026\/02\/metodos-industriales-generacion-agua-caliente-vapor.webp\" class=\"attachment-post-thumbnail size-post-thumbnail wp-post-image\" alt=\"7 m\u00e9thodes industrielles pour produire de l&rsquo;eau chaude avec de la vapeur\" style=\"height:280px;object-fit:cover;\" srcset=\"https:\/\/giconmes.es\/wp-content\/uploads\/2026\/02\/metodos-industriales-generacion-agua-caliente-vapor.webp 1280w, https:\/\/giconmes.es\/wp-content\/uploads\/2026\/02\/metodos-industriales-generacion-agua-caliente-vapor-300x200.webp 300w, https:\/\/giconmes.es\/wp-content\/uploads\/2026\/02\/metodos-industriales-generacion-agua-caliente-vapor-1024x682.webp 1024w, https:\/\/giconmes.es\/wp-content\/uploads\/2026\/02\/metodos-industriales-generacion-agua-caliente-vapor-768x512.webp 768w\" sizes=\"auto, (max-width: 1280px) 100vw, 1280px\" title=\"Generadores de vapor industrial Giconmes\"><\/a><\/figure>\n\n<div class=\"wp-block-post-date\"><time datetime=\"2026-02-12T11:00:00+01:00\">12 f\u00e9vrier 2026<\/time><\/div>\n\n<p class=\"wp-block-post-title\"><a href=\"https:\/\/giconmes.es\/fr\/7-methodes-industrielles-pour-produire-de-leau-chaude-avec-de-la-vapeur\/\" target=\"_self\" >7 m\u00e9thodes industrielles pour produire de l&rsquo;eau chaude avec de la vapeur<\/a><\/h4>\n<\/li><li class=\"wp-block-post post-19043 post type-post status-publish format-standard has-post-thumbnail hentry category-industrie category-non-classifiee\">\n<figure style=\"height:280px;\" class=\"wp-block-post-featured-image\"><a href=\"https:\/\/giconmes.es\/fr\/giconmes-a-fima-agriculture-2026-vapeur-et-automatisation-pour-une-agriculture-plus-durable\/\" target=\"_self\"  style=\"height:280px\"><img loading=\"lazy\" decoding=\"async\" width=\"1536\" height=\"1024\" src=\"https:\/\/giconmes.es\/wp-content\/uploads\/2026\/02\/giconmes-fima-agricola-2026.webp\" class=\"attachment-post-thumbnail size-post-thumbnail wp-post-image\" alt=\"GICONMES \u00e0 FIMA Agriculture 2026 : vapeur et automatisation pour une agriculture plus durable\" style=\"height:280px;object-fit:cover;\" srcset=\"https:\/\/giconmes.es\/wp-content\/uploads\/2026\/02\/giconmes-fima-agricola-2026.webp 1536w, https:\/\/giconmes.es\/wp-content\/uploads\/2026\/02\/giconmes-fima-agricola-2026-300x200.webp 300w, https:\/\/giconmes.es\/wp-content\/uploads\/2026\/02\/giconmes-fima-agricola-2026-1024x683.webp 1024w, https:\/\/giconmes.es\/wp-content\/uploads\/2026\/02\/giconmes-fima-agricola-2026-768x512.webp 768w\" sizes=\"auto, (max-width: 1536px) 100vw, 1536px\" title=\"Generadores de vapor industrial Giconmes\"><\/a><\/figure>\n\n<div class=\"wp-block-post-date\"><time datetime=\"2026-02-05T11:00:00+01:00\">5 f\u00e9vrier 2026<\/time><\/div>\n\n<p class=\"wp-block-post-title\"><a href=\"https:\/\/giconmes.es\/fr\/giconmes-a-fima-agriculture-2026-vapeur-et-automatisation-pour-une-agriculture-plus-durable\/\" target=\"_self\" >GICONMES \u00e0 FIMA Agriculture 2026 : vapeur et automatisation pour une agriculture plus durable<\/a><\/h4>\n<\/li><li class=\"wp-block-post post-18893 post type-post status-publish format-standard has-post-thumbnail hentry category-chaudieres-et-generateurs-de-vapeur\">\n<figure style=\"height:280px;\" class=\"wp-block-post-featured-image\"><a href=\"https:\/\/giconmes.es\/fr\/les-accumulateurs-de-vapeur-ou-comment-doubler-la-vapeur-de-votre-chaudiere-electrique-sans-augmenter-la-puissance-souscrite\/\" target=\"_self\"  style=\"height:280px\"><img loading=\"lazy\" decoding=\"async\" width=\"1536\" height=\"847\" src=\"https:\/\/giconmes.es\/wp-content\/uploads\/2026\/01\/acumuladores-vapor.webp\" class=\"attachment-post-thumbnail size-post-thumbnail wp-post-image\" alt=\"Les accumulateurs de vapeur, ou comment doubler la vapeur de votre chaudi\u00e8re \u00e9lectrique sans augmenter la puissance souscrite.\" style=\"height:280px;object-fit:cover;\" srcset=\"https:\/\/giconmes.es\/wp-content\/uploads\/2026\/01\/acumuladores-vapor.webp 1536w, https:\/\/giconmes.es\/wp-content\/uploads\/2026\/01\/acumuladores-vapor-300x165.webp 300w, https:\/\/giconmes.es\/wp-content\/uploads\/2026\/01\/acumuladores-vapor-1024x565.webp 1024w, https:\/\/giconmes.es\/wp-content\/uploads\/2026\/01\/acumuladores-vapor-768x424.webp 768w\" sizes=\"auto, (max-width: 1536px) 100vw, 1536px\" title=\"Generadores de vapor industrial Giconmes\"><\/a><\/figure>\n\n<div class=\"wp-block-post-date\"><time datetime=\"2026-01-22T11:00:00+01:00\">22 janvier 2026<\/time><\/div>\n\n<p class=\"wp-block-post-title\"><a href=\"https:\/\/giconmes.es\/fr\/les-accumulateurs-de-vapeur-ou-comment-doubler-la-vapeur-de-votre-chaudiere-electrique-sans-augmenter-la-puissance-souscrite\/\" target=\"_self\" >Les accumulateurs de vapeur, ou comment doubler la vapeur de votre chaudi\u00e8re \u00e9lectrique sans augmenter la puissance souscrite.<\/a><\/h4>\n<\/li><\/ul><\/div>\n\n\n\n<div style=\"height:112px\" aria-hidden=\"true\" class=\"wp-block-spacer\"><\/div>\n<\/div><\/div>\n","protected":false},"excerpt":{"rendered":"<p>R\u00e9glementations, obligations des utilisateurs et informations sur la l\u00e9galisation des g\u00e9n\u00e9rateurs \u00e9lectriques de vapeur.  <\/p>\n","protected":false},"author":4,"featured_media":9445,"parent":9451,"menu_order":0,"comment_status":"closed","ping_status":"closed","template":"","meta":{"_acf_changed":false,"footnotes":""},"class_list":["post-9442","page","type-page","status-publish","has-post-thumbnail","hentry"],"acf":[],"_links":{"self":[{"href":"https:\/\/giconmes.es\/fr\/wp-json\/wp\/v2\/pages\/9442","targetHints":{"allow":["GET"]}}],"collection":[{"href":"https:\/\/giconmes.es\/fr\/wp-json\/wp\/v2\/pages"}],"about":[{"href":"https:\/\/giconmes.es\/fr\/wp-json\/wp\/v2\/types\/page"}],"author":[{"embeddable":true,"href":"https:\/\/giconmes.es\/fr\/wp-json\/wp\/v2\/users\/4"}],"replies":[{"embeddable":true,"href":"https:\/\/giconmes.es\/fr\/wp-json\/wp\/v2\/comments?post=9442"}],"version-history":[{"count":2,"href":"https:\/\/giconmes.es\/fr\/wp-json\/wp\/v2\/pages\/9442\/revisions"}],"predecessor-version":[{"id":9449,"href":"https:\/\/giconmes.es\/fr\/wp-json\/wp\/v2\/pages\/9442\/revisions\/9449"}],"up":[{"embeddable":true,"href":"https:\/\/giconmes.es\/fr\/wp-json\/wp\/v2\/pages\/9451"}],"wp:featuredmedia":[{"embeddable":true,"href":"https:\/\/giconmes.es\/fr\/wp-json\/wp\/v2\/media\/9445"}],"wp:attachment":[{"href":"https:\/\/giconmes.es\/fr\/wp-json\/wp\/v2\/media?parent=9442"}],"curies":[{"name":"wp","href":"https:\/\/api.w.org\/{rel}","templated":true}]}}