{"id":9406,"date":"2023-02-01T14:45:08","date_gmt":"2023-02-01T14:45:08","guid":{"rendered":"https:\/\/giconmes.es\/assistance-technique\/"},"modified":"2024-09-17T10:15:16","modified_gmt":"2024-09-17T10:15:16","slug":"assistance-technique","status":"publish","type":"page","link":"https:\/\/giconmes.es\/fr\/service-technique\/assistance-technique\/","title":{"rendered":"Assistance technique"},"content":{"rendered":"\n<div class=\"wp-block-columns mb-0 is-layout-flex wp-container-core-columns-is-layout-1 wp-block-columns-is-layout-flex\">\n<div class=\"wp-block-column is-layout-flow wp-block-column-is-layout-flow\" style=\"flex-basis:58.3%\">\n<div style=\"height:112px\" aria-hidden=\"true\" class=\"wp-block-spacer\"><\/div>\n\n\n\n<h2 class=\"wp-block-heading text-h6 has-body-medium-color has-text-color\">service technique giconmes<\/h2>\n\n\n\n<div style=\"height:16px\" aria-hidden=\"true\" class=\"wp-block-spacer\"><\/div>\n\n\n\n<p class=\"text-h2\">Assistance technique GICONMES : Solutions s\u00e9curis\u00e9es<\/p>\n\n\n\n<div style=\"height:32px\" aria-hidden=\"true\" class=\"wp-block-spacer\"><\/div>\n<\/div>\n\n\n\n<div class=\"wp-block-column dnone-tablet is-layout-flow wp-block-column-is-layout-flow\" style=\"flex-basis:8.3%\">\n<figure class=\"wp-block-image size-full\"><img loading=\"lazy\" decoding=\"async\" width=\"9\" height=\"544\" src=\"https:\/\/giconmes.es\/wp-content\/uploads\/2023\/02\/LINE.png\" alt=\". Generadores de vapor industrial Giconmes\" class=\"wp-image-255\" title=\"Generadores de vapor industrial Giconmes\"><\/figure>\n<\/div>\n\n\n\n<div class=\"wp-block-column is-layout-flow wp-block-column-is-layout-flow\" style=\"flex-basis:33.33%\">\n<div style=\"height:160px\" aria-hidden=\"true\" class=\"wp-block-spacer dnone-mobile\"><\/div>\n\n\n\n<p><strong>GICONMES a cr\u00e9\u00e9 un service apr\u00e8s-vente tr\u00e8s fiable qui fournit des solutions s\u00fbres.<\/strong><\/p>\n\n\n\n<p>GICONMES IBERICA a d\u00e9velopp\u00e9 un service apr\u00e8s-vente capable de garantir des solutions aux pannes de mani\u00e8re s\u00fbre et efficace.<\/p>\n<\/div>\n<\/div>\n\n<div class=\"wp-block-group alignfull mb-0 has-gradient-left-gradient-background has-background\"><div class=\"wp-block-group__inner-container is-layout-constrained wp-block-group-is-layout-constrained\">\n<div style=\"height:96px\" aria-hidden=\"true\" class=\"wp-block-spacer\"><\/div>\n\n\n\n<div class=\"wp-block-columns mb-0 is-layout-flex wp-container-core-columns-is-layout-2 wp-block-columns-is-layout-flex\">\n<div class=\"wp-block-column is-layout-flow wp-block-column-is-layout-flow\">\n<h2 class=\"wp-block-heading\">ASSISTANPHONE<\/h2>\n\n\n\n<p>Le service \u00ab\u00a0ASSISTANPHONE\u00a0\u00bb fourni par notre Service Clients vous permet de contacter les experts des produits GICONMES qui vous aideront \u00e0 effectuer l&rsquo;entretien correct de votre machine.\nEn outre, par l&rsquo;interm\u00e9diaire de l&rsquo;ASSISTANPHONE, nous mettons \u00e0 votre disposition toutes les instructions et tous les manuels relatifs \u00e0 nos produits. <\/p>\n\n\n\n<p>Pour r\u00e9soudre tout type de panne, m\u00eame s&rsquo;il s&rsquo;agit de remplacer des composants, nous vous proposons notre service \u00ab\u00a0GICONMES YOURSELF\u00a0\u00bb.\nNotre <a href=\"https:\/\/giconmes.es\/servicio-tecnico\/recambios\/\" data-type=\"page\" data-id=\"189\">gestion <\/a>originale <a href=\"https:\/\/giconmes.es\/servicio-tecnico\/recambios\/\" data-type=\"page\" data-id=\"189\">des pi\u00e8ces de rechange <\/a>garantit la fiabilit\u00e9 maximale de tous les composants fournis. <\/p>\n<\/div>\n\n\n\n<div class=\"wp-block-column is-layout-flow wp-block-column-is-layout-flow\">\n<figure class=\"wp-block-image size-large mb-0\"><img loading=\"lazy\" decoding=\"async\" width=\"1024\" height=\"659\" src=\"https:\/\/giconmes.es\/wp-content\/uploads\/2023\/02\/CTA-1024x659.jpg\" alt=\". Generadores de vapor industrial Giconmes\" class=\"wp-image-307\" title=\"Generadores de vapor industrial Giconmes\" srcset=\"https:\/\/giconmes.es\/wp-content\/uploads\/2023\/02\/CTA-1024x659.jpg 1024w, https:\/\/giconmes.es\/wp-content\/uploads\/2023\/02\/CTA-300x193.jpg 300w, https:\/\/giconmes.es\/wp-content\/uploads\/2023\/02\/CTA-768x494.jpg 768w, https:\/\/giconmes.es\/wp-content\/uploads\/2023\/02\/CTA.jpg 1312w\" sizes=\"auto, (max-width: 1024px) 100vw, 1024px\" \/><\/figure>\n<\/div>\n<\/div>\n\n\n\n<div style=\"height:64px\" aria-hidden=\"true\" class=\"wp-block-spacer\"><\/div>\n<\/div><\/div>\n\n<div style=\"height:96px\" aria-hidden=\"true\" class=\"wp-block-spacer\"><\/div>\n\n<div class=\"wp-block-columns is-layout-flex wp-container-core-columns-is-layout-3 wp-block-columns-is-layout-flex\">\n<div class=\"wp-block-column is-layout-flow wp-block-column-is-layout-flow\" style=\"flex-basis:33.33%\">\n<h2 class=\"wp-block-heading text-h5\"><strong>T\u00e9l\u00e9chargez le PDF<\/strong> pour plus d&rsquo;informations sur le service d&rsquo;assistance.<\/h2>\n\n\n\n<div style=\"height:32px\" aria-hidden=\"true\" class=\"wp-block-spacer\"><\/div>\n\n\n\n<div class=\"wp-block-buttons is-layout-flex wp-block-buttons-is-layout-flex\">\n<div class=\"wp-block-button\"><a class=\"wp-block-button__link has-secondary-80-background-color has-background wp-element-button\" href=\"https:\/\/giconmes.es\/wp-content\/uploads\/2023\/03\/SERVICIO-TECNICO-2023.pdf\" target=\"_blank\" rel=\"noreferrer noopener\"><strong>T\u00e9l\u00e9charger le PDF<\/strong><\/a><\/div>\n<\/div>\n<\/div>\n\n\n\n<div class=\"wp-block-column dnone-tablet is-layout-flow wp-block-column-is-layout-flow\" style=\"flex-basis:8.3%\"><\/div>\n\n\n\n<div class=\"wp-block-column is-layout-flow wp-block-column-is-layout-flow\" style=\"flex-basis:58.3%\">\n\n<div id=\"faqs--block_a5fd86624b31df79a848df06ad579995\" class=\"faqs-block mb-6\">\n        \n    <button class=\"faqs-btn\">\n        <span>\n            <div class=\"screen-reader-text\">Open<\/div>\n        <\/span>\n        Garantie du fabricant    <\/button>\n\n    <div class=\"faqs-content\">\n        <div class=\"mt-1 mb-2\"><p><!-- wp:paragraph -->  Tous les produits fabriqu\u00e9s et commercialis\u00e9s par GICONMES IBERICA, S.L. sont couverts pendant douze (12) mois pour les mat\u00e9riaux et les composants.<br \/>\nCette garantie couvre tout \u00e9l\u00e9ment int\u00e9gr\u00e9 dans le syst\u00e8me de chambre, le g\u00e9n\u00e9rateur de vapeur, l&rsquo;aspirateur et les accessoires qui composent l&rsquo;\u00e9quipement, la main-d&rsquo;\u0153uvre n\u00e9cessaire pour les interventions potentielles et en cas de n\u00e9cessit\u00e9 due \u00e0 l&rsquo;impossibilit\u00e9 d&rsquo;une solution \u00e0 travers notre option \u00ab\u00a0ASISTENPHONE\u00a0\u00bb, un \u00e9quipement de remplacement gratuit pour le client dans les 48 heures suivant la panne sous garantie pendant la premi\u00e8re ann\u00e9e de service.<br \/>\nLa date de d\u00e9but de la garantie sera la date de mise en service.    <!-- \/wp:paragraph --><\/p>\n<p><!-- wp:paragraph -->  Le client s&rsquo;engage formellement \u00e0 respecter les r\u00e8gles d&rsquo;installation, les r\u00e9glages et les instructions du mat\u00e9riel (elles seront remises lors de la mise en service).<br \/>\nLe mat\u00e9riel ne doit pas \u00eatre manipul\u00e9 par du personnel non autoris\u00e9 par le fabricant.<br \/>\nLes frais de transport ne sont pas inclus.    <!-- \/wp:paragraph --><\/p>\n<p><!-- wp:paragraph -->  La garantie ne couvre que les composants et les interventions v\u00e9rifi\u00e9s et valid\u00e9s par nos techniciens.<br \/>\nSont exclus de la garantie, et donc \u00e0 la charge du client, les pi\u00e8ces d\u00e9tach\u00e9es et les heures d&rsquo;intervention, de transport et de d\u00e9placement, dans les cas suivants :   <!-- \/wp:paragraph --><\/p>\n<p><!-- wp:list --><\/p>\n<ul>\n<li style=\"list-style-type: none\">\n<ul><!-- wp:list-item --><\/p>\n<li>Mauvaise utilisation ou n\u00e9gligence du client\/utilisateur.<\/li>\n<\/ul>\n<\/li>\n<\/ul>\n<p><!-- \/wp:list-item --><\/p>\n<p><!-- wp:list-item --><\/p>\n<ul>\n<li style=\"list-style-type: none\">\n<ul>\n<li>Les cas fortuits ou de force majeure (ph\u00e9nom\u00e8nes atmosph\u00e9riques, g\u00e9ologiques, etc.) et les accidents quelle qu&rsquo;en soit l&rsquo;origine.<\/li>\n<\/ul>\n<\/li>\n<\/ul>\n<p><!-- \/wp:list-item --><\/p>\n<p><!-- wp:list-item --><\/p>\n<ul>\n<li style=\"list-style-type: none\">\n<ul>\n<li>Installation incorrecte ou manque d&rsquo;entretien.<\/li>\n<\/ul>\n<\/li>\n<\/ul>\n<p><!-- \/wp:list-item --><\/p>\n<p><!-- wp:list-item --><\/p>\n<ul>\n<li style=\"list-style-type: none\">\n<ul>\n<li>Utilisation de produits chimiques inad\u00e9quats ou accumulation de r\u00e9sidus (calcaire, savons, graisses, etc.) due \u00e0 un manque de nettoyage.<\/li>\n<\/ul>\n<\/li>\n<\/ul>\n<p><!-- \/wp:list-item --><\/p>\n<p><!-- wp:list-item --><\/p>\n<ul>\n<li style=\"list-style-type: none\">\n<ul>\n<li>Emplacement ou positionnement incorrect de l&rsquo;\u00e9quipement.<\/li>\n<\/ul>\n<\/li>\n<\/ul>\n<p><!-- \/wp:list-item --><\/p>\n<p><!-- wp:list-item --><\/p>\n<ul>\n<li style=\"list-style-type: none\">\n<ul>\n<li>Utilisation d&rsquo;eau non conforme aux sp\u00e9cifications des manuels.<\/li>\n<\/ul>\n<\/li>\n<\/ul>\n<p><!-- \/wp:list-item --><\/p>\n<p><!-- wp:list-item --><\/p>\n<ul>\n<li style=\"list-style-type: none\">\n<ul>\n<li>Usure ou d\u00e9t\u00e9rioration esth\u00e9tique typique de l&rsquo;utilisation en service.<\/li>\n<\/ul>\n<\/li>\n<\/ul>\n<p><!-- \/wp:list-item --><\/p>\n<p><!-- \/wp:list --><\/p>\n<\/div>\n    <\/div>\n\n        \n    <button class=\"faqs-btn\">\n        <span>\n            <div class=\"screen-reader-text\">Open<\/div>\n        <\/span>\n        Dysfonctionnements    <\/button>\n\n    <div class=\"faqs-content\">\n        <div class=\"mt-1 mb-2\"><p>Par panne, on entend tout dommage, bris ou d\u00e9faillance qui emp\u00eache le fonctionnement normal du mat\u00e9riel.<br \/>\nSi la panne est due \u00e0 un dommage caus\u00e9 par une mauvaise utilisation ou se produit apr\u00e8s la p\u00e9riode de garantie, le client aura la possibilit\u00e9 de remplacer l&rsquo;\u00e9quipement \u00e0 ses propres frais (transport, installation et location).<br \/>\n\u00c0 cet \u00e9gard, GICONMES IBERICA, S.L. dispose d&rsquo;une flotte compl\u00e8te pour la location de mat\u00e9riel.  <\/p>\n<\/div>\n    <\/div>\n\n        \n    <button class=\"faqs-btn\">\n        <span>\n            <div class=\"screen-reader-text\">Open<\/div>\n        <\/span>\n        Mat\u00e9riel de remplacement    <\/button>\n\n    <div class=\"faqs-content\">\n        <div class=\"mt-1 mb-2\"><p>Le mat\u00e9riel de remplacement doit avoir des caract\u00e9ristiques et des performances similaires ou sup\u00e9rieures \u00e0 celles du mat\u00e9riel achet\u00e9 par le client.<br \/>\nTous les \u00e9quipements qui composent le syst\u00e8me sont consid\u00e9r\u00e9s comme rempla\u00e7ables, \u00e0 l&rsquo;exception des outils et accessoires (tuyaux, adaptateurs, racleurs, r\u00e9ducteurs, brosses, tubes, raccords, bouchons, etc.) qui, en cas de remplacement, sauf preuve flagrante, sont \u00e0 la charge du client. <\/p>\n<\/div>\n    <\/div>\n\n        \n    <button class=\"faqs-btn\">\n        <span>\n            <div class=\"screen-reader-text\">Open<\/div>\n        <\/span>\n        Assistance technique et services    <\/button>\n\n    <div class=\"faqs-content\">\n        <div class=\"mt-1 mb-2\"><p>Si vous ne souhaitez pas souscrire \u00e0 notre option GWP-72, Giconmes Ib\u00e9rica, S.L. met \u00e0 la disposition de ses clients son service d&rsquo;assistance technique, qui peut \u00eatre planifi\u00e9 en fonction de leurs besoins.<\/p>\n<\/div>\n    <\/div>\n\n    <\/div>\n\n<script>\nvar acc = document.querySelectorAll( \"#faqs--block_a5fd86624b31df79a848df06ad579995 .faqs-btn\");\nvar i;\n\nfor (i = 0; i < acc.length; i++) {\n    acc[i].addEventListener(\"click\", function() {\n        this.classList.toggle(\"active\");\n        var panel = this.nextElementSibling;\n        if (panel.style.maxHeight) {\n            panel.style.maxHeight = null;\n        } else {\n            panel.style.maxHeight = panel.scrollHeight + \"px\";\n        }\n    });\n}\n<\/script>\n\n\n<div style=\"height:16px\" aria-hidden=\"true\" class=\"wp-block-spacer\"><\/div>\n<\/div>\n<\/div>\n\n<div style=\"height:96px\" aria-hidden=\"true\" class=\"wp-block-spacer\"><\/div>\n\n<div class=\"wp-block-cover alignwide\" style=\"min-height:784px;aspect-ratio:unset;\"><span aria-hidden=\"true\" class=\"wp-block-cover__background has-primary-100-background-color has-background-dim\"><\/span><img loading=\"lazy\" decoding=\"async\" width=\"1312\" height=\"844\" class=\"wp-block-cover__image-background wp-image-653\" alt=\". Generadores de vapor industrial Giconmes\" src=\"https:\/\/giconmes.es\/wp-content\/uploads\/2023\/02\/CTA-4.jpg\" data-object-fit=\"cover\" title=\"Generadores de vapor industrial Giconmes\" srcset=\"https:\/\/giconmes.es\/wp-content\/uploads\/2023\/02\/CTA-4.jpg 1312w, https:\/\/giconmes.es\/wp-content\/uploads\/2023\/02\/CTA-4-300x193.jpg 300w, https:\/\/giconmes.es\/wp-content\/uploads\/2023\/02\/CTA-4-1024x659.jpg 1024w, https:\/\/giconmes.es\/wp-content\/uploads\/2023\/02\/CTA-4-768x494.jpg 768w\" sizes=\"auto, (max-width: 1312px) 100vw, 1312px\" \/><div class=\"wp-block-cover__inner-container is-layout-flow wp-block-cover-is-layout-flow\">\n<div style=\"height:124px\" aria-hidden=\"true\" class=\"wp-block-spacer\"><\/div>\n\n\n\n<div class=\"wp-block-columns is-layout-flex wp-container-core-columns-is-layout-4 wp-block-columns-is-layout-flex\">\n<div class=\"wp-block-column is-layout-flow wp-block-column-is-layout-flow\" style=\"flex-basis:50%\">\n<p class=\"has-text-align-left text-h3 has-body-white-color has-text-color has-large-font-size\">Vous avez des questions ?\nNotre \u00e9quipe de professionnels est l\u00e0 pour vous aider <\/p>\n\n\n\n<div style=\"height:56px\" aria-hidden=\"true\" class=\"wp-block-spacer\"><\/div>\n\n\n\n<div class=\"wp-block-buttons is-layout-flex wp-block-buttons-is-layout-flex\">\n<div class=\"wp-block-button\"><a class=\"wp-block-button__link has-primary-background-color has-background wp-element-button\" href=\"tel:+34976500108\">APPELEZ-NOUS<\/a><\/div>\n\n\n\n<div class=\"wp-block-button\"><a class=\"wp-block-button__link has-secondary-background-color has-background wp-element-button\" href=\"https:\/\/giconmes.es\/fr\/contact\/\">CONTACTEZ-NOUS<\/a><\/div>\n\n\n\n<div class=\"wp-block-button is-style-outline is-style-outline--1\"><a class=\"wp-block-button__link has-body-white-color has-text-color wp-element-button\" href=\"https:\/\/giconmes.es\/fr\/faq\/\">FAQS<\/a><\/div>\n<\/div>\n<\/div>\n\n\n\n<div class=\"wp-block-column dnone-tablet is-layout-flow wp-block-column-is-layout-flow\" style=\"flex-basis:50%\">\n<p><\/p>\n<\/div>\n<\/div>\n\n\n\n<div style=\"height:124px\" aria-hidden=\"true\" class=\"wp-block-spacer\"><\/div>\n<\/div><\/div>\n\n<div class=\"wp-block-group\"><div class=\"wp-block-group__inner-container is-layout-constrained wp-block-group-is-layout-constrained\">\n<div class=\"wp-block-columns mb-0 is-layout-flex wp-container-core-columns-is-layout-5 wp-block-columns-is-layout-flex\">\n<div class=\"wp-block-column dnone-tablet is-layout-flow wp-block-column-is-layout-flow\" style=\"flex-basis:8.3%\">\n<figure class=\"wp-block-image size-full\"><img loading=\"lazy\" decoding=\"async\" width=\"9\" height=\"304\" src=\"https:\/\/giconmes.es\/wp-content\/uploads\/2023\/02\/LINE-blog.png\" alt=\". Generadores de vapor industrial Giconmes\" class=\"wp-image-298\" title=\"Generadores de vapor industrial Giconmes\"><\/figure>\n<\/div>\n\n\n\n<div class=\"wp-block-column is-layout-flow wp-block-column-is-layout-flow\" style=\"flex-basis:33.33%\">\n<div style=\"height:96px\" aria-hidden=\"true\" class=\"wp-block-spacer\"><\/div>\n\n\n\n<p class=\"text-h2\">Le blog technologique de Giconmes<\/p>\n<\/div>\n\n\n\n<div class=\"wp-block-column is-layout-flow wp-block-column-is-layout-flow\" style=\"flex-basis:58.3%\">\n<div style=\"height:96px\" aria-hidden=\"true\" class=\"wp-block-spacer dnone-mobile\"><\/div>\n\n\n\n<p>Vous y trouverez des articles informatifs sur la <strong>technologie de la vapeur, son application dans l'industrie et les diff\u00e9rents types d'\u00e9quipements connexes<\/strong>, ainsi que les derni\u00e8res tendances, les installations que nous avons cr\u00e9\u00e9es et les nouveaux d\u00e9veloppements en mati\u00e8re de chaudi\u00e8res ou de g\u00e9n\u00e9rateurs de vapeur pour l'ensemble de l'industrie.  <\/p>\n\n\n\n<p><a href=\"https:\/\/giconmes.es\/fr\/blog\/\" data-type=\"page\" data-id=\"7\"><strong>ALLER AU BLOG<\/strong><\/a><\/p>\n<\/div>\n<\/div>\n\n\n\n<div class=\"wp-block-query is-layout-flow wp-block-query-is-layout-flow\"><ul class=\"columns-3 wp-block-post-template is-layout-grid wp-container-core-post-template-is-layout-1 wp-block-post-template-is-layout-grid\"><li class=\"wp-block-post post-19531 post type-post status-publish format-standard has-post-thumbnail hentry category-industrie category-non-classifiee\">\n<figure style=\"height:280px;\" class=\"wp-block-post-featured-image\"><a href=\"https:\/\/giconmes.es\/fr\/le-role-des-chaudieres-electriques-a-vapeur-dans-la-decarbonisation-et-les-revenus-de-la-chaleur-industrielle\/\" target=\"_self\"  style=\"height:280px\"><img loading=\"lazy\" decoding=\"async\" width=\"1376\" height=\"729\" src=\"https:\/\/giconmes.es\/wp-content\/uploads\/2026\/03\/calderas-vapor-electricas-descarbonizacion-ingresos.webp\" class=\"attachment-post-thumbnail size-post-thumbnail wp-post-image\" alt=\"Le r\u00f4le des chaudi\u00e8res \u00e9lectriques \u00e0 vapeur dans la d\u00e9carbonisation et les revenus de la chaleur industrielle\" style=\"height:280px;object-fit:cover;\" srcset=\"https:\/\/giconmes.es\/wp-content\/uploads\/2026\/03\/calderas-vapor-electricas-descarbonizacion-ingresos.webp 1376w, https:\/\/giconmes.es\/wp-content\/uploads\/2026\/03\/calderas-vapor-electricas-descarbonizacion-ingresos-300x159.webp 300w, https:\/\/giconmes.es\/wp-content\/uploads\/2026\/03\/calderas-vapor-electricas-descarbonizacion-ingresos-1024x543.webp 1024w, https:\/\/giconmes.es\/wp-content\/uploads\/2026\/03\/calderas-vapor-electricas-descarbonizacion-ingresos-768x407.webp 768w\" sizes=\"auto, (max-width: 1376px) 100vw, 1376px\" title=\"Generadores de vapor industrial Giconmes\"><\/a><\/figure>\n\n<div class=\"wp-block-post-date\"><time datetime=\"2026-03-19T12:00:00+01:00\">19 mars 2026<\/time><\/div>\n\n<p class=\"wp-block-post-title\"><a href=\"https:\/\/giconmes.es\/fr\/le-role-des-chaudieres-electriques-a-vapeur-dans-la-decarbonisation-et-les-revenus-de-la-chaleur-industrielle\/\" target=\"_self\" >Le r\u00f4le des chaudi\u00e8res \u00e9lectriques \u00e0 vapeur dans la d\u00e9carbonisation et les revenus de la chaleur industrielle<\/a><\/h4>\n<\/li><li class=\"wp-block-post post-19332 post type-post status-publish format-standard has-post-thumbnail hentry category-chaudieres-et-generateurs-de-vapeur\">\n<figure style=\"height:280px;\" class=\"wp-block-post-featured-image\"><a href=\"https:\/\/giconmes.es\/fr\/pourquoi-de-nombreuses-pieces-natteignent-pas-la-temperature-prevue-erreurs-courantes-dans-le-dimensionnement-thermique-industriel\/\" target=\"_self\"  style=\"height:280px\"><img loading=\"lazy\" decoding=\"async\" width=\"1536\" height=\"1024\" src=\"https:\/\/giconmes.es\/wp-content\/uploads\/2026\/03\/dimensionamiento-termico-industrial-errores-comunes.webp\" class=\"attachment-post-thumbnail size-post-thumbnail wp-post-image\" alt=\"Pourquoi de nombreuses pi\u00e8ces n&rsquo;atteignent pas la temp\u00e9rature pr\u00e9vue : erreurs courantes dans le dimensionnement thermique industriel\" style=\"height:280px;object-fit:cover;\" srcset=\"https:\/\/giconmes.es\/wp-content\/uploads\/2026\/03\/dimensionamiento-termico-industrial-errores-comunes.webp 1536w, https:\/\/giconmes.es\/wp-content\/uploads\/2026\/03\/dimensionamiento-termico-industrial-errores-comunes-300x200.webp 300w, https:\/\/giconmes.es\/wp-content\/uploads\/2026\/03\/dimensionamiento-termico-industrial-errores-comunes-1024x683.webp 1024w, https:\/\/giconmes.es\/wp-content\/uploads\/2026\/03\/dimensionamiento-termico-industrial-errores-comunes-768x512.webp 768w\" sizes=\"auto, (max-width: 1536px) 100vw, 1536px\" title=\"Generadores de vapor industrial Giconmes\"><\/a><\/figure>\n\n<div class=\"wp-block-post-date\"><time datetime=\"2026-03-05T11:00:00+01:00\">5 mars 2026<\/time><\/div>\n\n<p class=\"wp-block-post-title\"><a href=\"https:\/\/giconmes.es\/fr\/pourquoi-de-nombreuses-pieces-natteignent-pas-la-temperature-prevue-erreurs-courantes-dans-le-dimensionnement-thermique-industriel\/\" target=\"_self\" >Pourquoi de nombreuses pi\u00e8ces n&rsquo;atteignent pas la temp\u00e9rature pr\u00e9vue : erreurs courantes dans le dimensionnement thermique industriel<\/a><\/h4>\n<\/li><li class=\"wp-block-post post-19156 post type-post status-publish format-standard has-post-thumbnail hentry category-non-classifiee\">\n<figure style=\"height:280px;\" class=\"wp-block-post-featured-image\"><a href=\"https:\/\/giconmes.es\/fr\/pour-chauffer-les-reacteurs-a-70-c-une-chaudiere-electrique-a-vapeur-ou-une-chaudiere-a-eau-chaude-est-elle-plus-efficace\/\" target=\"_self\"  style=\"height:280px\"><img loading=\"lazy\" decoding=\"async\" width=\"1536\" height=\"1024\" src=\"https:\/\/giconmes.es\/wp-content\/uploads\/2026\/02\/calentar-reactor-70-grados-caldera-de-vapor.webp\" class=\"attachment-post-thumbnail size-post-thumbnail wp-post-image\" alt=\"Pour chauffer les r\u00e9acteurs \u00e0 70 \u00b0C, une chaudi\u00e8re \u00e9lectrique \u00e0 vapeur ou une chaudi\u00e8re \u00e0 eau chaude est-elle plus efficace ?\" style=\"height:280px;object-fit:cover;\" srcset=\"https:\/\/giconmes.es\/wp-content\/uploads\/2026\/02\/calentar-reactor-70-grados-caldera-de-vapor.webp 1536w, https:\/\/giconmes.es\/wp-content\/uploads\/2026\/02\/calentar-reactor-70-grados-caldera-de-vapor-300x200.webp 300w, https:\/\/giconmes.es\/wp-content\/uploads\/2026\/02\/calentar-reactor-70-grados-caldera-de-vapor-1024x683.webp 1024w, https:\/\/giconmes.es\/wp-content\/uploads\/2026\/02\/calentar-reactor-70-grados-caldera-de-vapor-768x512.webp 768w\" sizes=\"auto, (max-width: 1536px) 100vw, 1536px\" title=\"Generadores de vapor industrial Giconmes\"><\/a><\/figure>\n\n<div class=\"wp-block-post-date\"><time datetime=\"2026-02-19T11:00:00+01:00\">19 f\u00e9vrier 2026<\/time><\/div>\n\n<p class=\"wp-block-post-title\"><a href=\"https:\/\/giconmes.es\/fr\/pour-chauffer-les-reacteurs-a-70-c-une-chaudiere-electrique-a-vapeur-ou-une-chaudiere-a-eau-chaude-est-elle-plus-efficace\/\" target=\"_self\" >Pour chauffer les r\u00e9acteurs \u00e0 70 \u00b0C, une chaudi\u00e8re \u00e9lectrique \u00e0 vapeur ou une chaudi\u00e8re \u00e0 eau chaude est-elle plus efficace ?<\/a><\/h4>\n<\/li><li class=\"wp-block-post post-19150 post type-post status-publish format-standard has-post-thumbnail hentry category-chaudieres-et-generateurs-de-vapeur\">\n<figure style=\"height:280px;\" class=\"wp-block-post-featured-image\"><a href=\"https:\/\/giconmes.es\/fr\/7-methodes-industrielles-pour-produire-de-leau-chaude-avec-de-la-vapeur\/\" target=\"_self\"  style=\"height:280px\"><img loading=\"lazy\" decoding=\"async\" width=\"1280\" height=\"853\" src=\"https:\/\/giconmes.es\/wp-content\/uploads\/2026\/02\/metodos-industriales-generacion-agua-caliente-vapor.webp\" class=\"attachment-post-thumbnail size-post-thumbnail wp-post-image\" alt=\"7 m\u00e9thodes industrielles pour produire de l&rsquo;eau chaude avec de la vapeur\" style=\"height:280px;object-fit:cover;\" srcset=\"https:\/\/giconmes.es\/wp-content\/uploads\/2026\/02\/metodos-industriales-generacion-agua-caliente-vapor.webp 1280w, https:\/\/giconmes.es\/wp-content\/uploads\/2026\/02\/metodos-industriales-generacion-agua-caliente-vapor-300x200.webp 300w, https:\/\/giconmes.es\/wp-content\/uploads\/2026\/02\/metodos-industriales-generacion-agua-caliente-vapor-1024x682.webp 1024w, https:\/\/giconmes.es\/wp-content\/uploads\/2026\/02\/metodos-industriales-generacion-agua-caliente-vapor-768x512.webp 768w\" sizes=\"auto, (max-width: 1280px) 100vw, 1280px\" title=\"Generadores de vapor industrial Giconmes\"><\/a><\/figure>\n\n<div class=\"wp-block-post-date\"><time datetime=\"2026-02-12T11:00:00+01:00\">12 f\u00e9vrier 2026<\/time><\/div>\n\n<p class=\"wp-block-post-title\"><a href=\"https:\/\/giconmes.es\/fr\/7-methodes-industrielles-pour-produire-de-leau-chaude-avec-de-la-vapeur\/\" target=\"_self\" >7 m\u00e9thodes industrielles pour produire de l&rsquo;eau chaude avec de la vapeur<\/a><\/h4>\n<\/li><li class=\"wp-block-post post-19043 post type-post status-publish format-standard has-post-thumbnail hentry category-industrie category-non-classifiee\">\n<figure style=\"height:280px;\" class=\"wp-block-post-featured-image\"><a href=\"https:\/\/giconmes.es\/fr\/giconmes-a-fima-agriculture-2026-vapeur-et-automatisation-pour-une-agriculture-plus-durable\/\" target=\"_self\"  style=\"height:280px\"><img loading=\"lazy\" decoding=\"async\" width=\"1536\" height=\"1024\" src=\"https:\/\/giconmes.es\/wp-content\/uploads\/2026\/02\/giconmes-fima-agricola-2026.webp\" class=\"attachment-post-thumbnail size-post-thumbnail wp-post-image\" alt=\"GICONMES \u00e0 FIMA Agriculture 2026 : vapeur et automatisation pour une agriculture plus durable\" style=\"height:280px;object-fit:cover;\" srcset=\"https:\/\/giconmes.es\/wp-content\/uploads\/2026\/02\/giconmes-fima-agricola-2026.webp 1536w, https:\/\/giconmes.es\/wp-content\/uploads\/2026\/02\/giconmes-fima-agricola-2026-300x200.webp 300w, https:\/\/giconmes.es\/wp-content\/uploads\/2026\/02\/giconmes-fima-agricola-2026-1024x683.webp 1024w, https:\/\/giconmes.es\/wp-content\/uploads\/2026\/02\/giconmes-fima-agricola-2026-768x512.webp 768w\" sizes=\"auto, (max-width: 1536px) 100vw, 1536px\" title=\"Generadores de vapor industrial Giconmes\"><\/a><\/figure>\n\n<div class=\"wp-block-post-date\"><time datetime=\"2026-02-05T11:00:00+01:00\">5 f\u00e9vrier 2026<\/time><\/div>\n\n<p class=\"wp-block-post-title\"><a href=\"https:\/\/giconmes.es\/fr\/giconmes-a-fima-agriculture-2026-vapeur-et-automatisation-pour-une-agriculture-plus-durable\/\" target=\"_self\" >GICONMES \u00e0 FIMA Agriculture 2026 : vapeur et automatisation pour une agriculture plus durable<\/a><\/h4>\n<\/li><li class=\"wp-block-post post-18893 post type-post status-publish format-standard has-post-thumbnail hentry category-chaudieres-et-generateurs-de-vapeur\">\n<figure style=\"height:280px;\" class=\"wp-block-post-featured-image\"><a href=\"https:\/\/giconmes.es\/fr\/les-accumulateurs-de-vapeur-ou-comment-doubler-la-vapeur-de-votre-chaudiere-electrique-sans-augmenter-la-puissance-souscrite\/\" target=\"_self\"  style=\"height:280px\"><img loading=\"lazy\" decoding=\"async\" width=\"1536\" height=\"847\" src=\"https:\/\/giconmes.es\/wp-content\/uploads\/2026\/01\/acumuladores-vapor.webp\" class=\"attachment-post-thumbnail size-post-thumbnail wp-post-image\" alt=\"Les accumulateurs de vapeur, ou comment doubler la vapeur de votre chaudi\u00e8re \u00e9lectrique sans augmenter la puissance souscrite.\" style=\"height:280px;object-fit:cover;\" srcset=\"https:\/\/giconmes.es\/wp-content\/uploads\/2026\/01\/acumuladores-vapor.webp 1536w, https:\/\/giconmes.es\/wp-content\/uploads\/2026\/01\/acumuladores-vapor-300x165.webp 300w, https:\/\/giconmes.es\/wp-content\/uploads\/2026\/01\/acumuladores-vapor-1024x565.webp 1024w, https:\/\/giconmes.es\/wp-content\/uploads\/2026\/01\/acumuladores-vapor-768x424.webp 768w\" sizes=\"auto, (max-width: 1536px) 100vw, 1536px\" title=\"Generadores de vapor industrial Giconmes\"><\/a><\/figure>\n\n<div class=\"wp-block-post-date\"><time datetime=\"2026-01-22T11:00:00+01:00\">22 janvier 2026<\/time><\/div>\n\n<p class=\"wp-block-post-title\"><a href=\"https:\/\/giconmes.es\/fr\/les-accumulateurs-de-vapeur-ou-comment-doubler-la-vapeur-de-votre-chaudiere-electrique-sans-augmenter-la-puissance-souscrite\/\" target=\"_self\" >Les accumulateurs de vapeur, ou comment doubler la vapeur de votre chaudi\u00e8re \u00e9lectrique sans augmenter la puissance souscrite.<\/a><\/h4>\n<\/li><\/ul><\/div>\n\n\n\n<div style=\"height:112px\" aria-hidden=\"true\" class=\"wp-block-spacer\"><\/div>\n<\/div><\/div>\n","protected":false},"excerpt":{"rendered":"<p>Notre vaste r\u00e9seau d&rsquo;assistance technique (TAS) couvert par des distributeurs officiels permet l&rsquo;intervention la plus efficace dans les plus brefs d\u00e9lais.<\/p>\n","protected":false},"author":4,"featured_media":9410,"parent":9451,"menu_order":0,"comment_status":"closed","ping_status":"closed","template":"","meta":{"_acf_changed":false,"footnotes":""},"class_list":["post-9406","page","type-page","status-publish","has-post-thumbnail","hentry"],"acf":[],"_links":{"self":[{"href":"https:\/\/giconmes.es\/fr\/wp-json\/wp\/v2\/pages\/9406","targetHints":{"allow":["GET"]}}],"collection":[{"href":"https:\/\/giconmes.es\/fr\/wp-json\/wp\/v2\/pages"}],"about":[{"href":"https:\/\/giconmes.es\/fr\/wp-json\/wp\/v2\/types\/page"}],"author":[{"embeddable":true,"href":"https:\/\/giconmes.es\/fr\/wp-json\/wp\/v2\/users\/4"}],"replies":[{"embeddable":true,"href":"https:\/\/giconmes.es\/fr\/wp-json\/wp\/v2\/comments?post=9406"}],"version-history":[{"count":2,"href":"https:\/\/giconmes.es\/fr\/wp-json\/wp\/v2\/pages\/9406\/revisions"}],"predecessor-version":[{"id":9413,"href":"https:\/\/giconmes.es\/fr\/wp-json\/wp\/v2\/pages\/9406\/revisions\/9413"}],"up":[{"embeddable":true,"href":"https:\/\/giconmes.es\/fr\/wp-json\/wp\/v2\/pages\/9451"}],"wp:featuredmedia":[{"embeddable":true,"href":"https:\/\/giconmes.es\/fr\/wp-json\/wp\/v2\/media\/9410"}],"wp:attachment":[{"href":"https:\/\/giconmes.es\/fr\/wp-json\/wp\/v2\/media?parent=9406"}],"curies":[{"name":"wp","href":"https:\/\/api.w.org\/{rel}","templated":true}]}}