{"id":9330,"date":"2023-02-01T14:45:08","date_gmt":"2023-02-01T14:45:08","guid":{"rendered":"https:\/\/giconmes.es\/technischer-dienst\/technische-hilfe\/"},"modified":"2024-09-17T10:13:43","modified_gmt":"2024-09-17T10:13:43","slug":"technische-hilfe","status":"publish","type":"page","link":"https:\/\/giconmes.es\/de\/technischer-dienst\/technische-hilfe\/","title":{"rendered":"Technische Hilfe"},"content":{"rendered":"\n<div class=\"wp-block-columns mb-0 is-layout-flex wp-container-core-columns-is-layout-1 wp-block-columns-is-layout-flex\">\n<div class=\"wp-block-column is-layout-flow wp-block-column-is-layout-flow\" style=\"flex-basis:58.3%\">\n<div style=\"height:112px\" aria-hidden=\"true\" class=\"wp-block-spacer\"><\/div>\n\n\n\n<h2 class=\"wp-block-heading text-h6 has-body-medium-color has-text-color\">giconmes technischer Dienst<\/h2>\n\n\n\n<div style=\"height:16px\" aria-hidden=\"true\" class=\"wp-block-spacer\"><\/div>\n\n\n\n<p class=\"text-h2\">GICONMES Technische Unterst\u00fctzung: Sichere L\u00f6sungen<\/p>\n\n\n\n<div style=\"height:32px\" aria-hidden=\"true\" class=\"wp-block-spacer\"><\/div>\n<\/div>\n\n\n\n<div class=\"wp-block-column dnone-tablet is-layout-flow wp-block-column-is-layout-flow\" style=\"flex-basis:8.3%\">\n<figure class=\"wp-block-image size-full\"><img loading=\"lazy\" decoding=\"async\" width=\"9\" height=\"544\" src=\"https:\/\/giconmes.es\/wp-content\/uploads\/2023\/02\/LINE.png\" alt=\". Generadores de vapor industrial Giconmes\" class=\"wp-image-255\" title=\"Generadores de vapor industrial Giconmes\"><\/figure>\n<\/div>\n\n\n\n<div class=\"wp-block-column is-layout-flow wp-block-column-is-layout-flow\" style=\"flex-basis:33.33%\">\n<div style=\"height:160px\" aria-hidden=\"true\" class=\"wp-block-spacer dnone-mobile\"><\/div>\n\n\n\n<p><strong>GICONMES hat einen \u00e4u\u00dferst zuverl\u00e4ssigen After-Sales-Service eingerichtet, der sichere L\u00f6sungen bietet<\/strong>.<\/p>\n\n\n\n<p>GICONMES IBERICA hat einen Kundendienst entwickelt, der in der Lage ist, L\u00f6sungen f\u00fcr Pannen auf sichere und effiziente Weise zu garantieren.<\/p>\n<\/div>\n<\/div>\n\n<div class=\"wp-block-group alignfull mb-0 has-gradient-left-gradient-background has-background\"><div class=\"wp-block-group__inner-container is-layout-constrained wp-block-group-is-layout-constrained\">\n<div style=\"height:96px\" aria-hidden=\"true\" class=\"wp-block-spacer\"><\/div>\n\n\n\n<div class=\"wp-block-columns mb-0 is-layout-flex wp-container-core-columns-is-layout-2 wp-block-columns-is-layout-flex\">\n<div class=\"wp-block-column is-layout-flow wp-block-column-is-layout-flow\">\n<h2 class=\"wp-block-heading\">ASSISTANPHONE<\/h2>\n\n\n\n<p>\u00dcber den Service &#8222;ASSISTANPHONE&#8220; unserer Kundendienstabteilung k\u00f6nnen Sie sich mit den Produktexperten von GICONMES in Verbindung setzen, die Ihnen bei der ordnungsgem\u00e4\u00dfen Wartung Ihres Ger\u00e4ts helfen werden.\nAu\u00dferdem stellen wir Ihnen \u00fcber ASSISTANPHONE alle Anleitungen oder Handb\u00fccher zu unseren Produkten zur Verf\u00fcgung. <\/p>\n\n\n\n<p>Wenn es darum geht, jede Art von Panne zu beheben, auch wenn es um den Austausch von Komponenten geht, bieten wir Ihnen unseren &#8222;GICONMES YOURSELF&#8220;-Service.\nUnser <a href=\"https:\/\/giconmes.es\/servicio-tecnico\/recambios\/\" data-type=\"page\" data-id=\"189\">Original-Ersatzteilmanagement <\/a>garantiert die maximale Zuverl\u00e4ssigkeit aller gelieferten Komponenten. <\/p>\n<\/div>\n\n\n\n<div class=\"wp-block-column is-layout-flow wp-block-column-is-layout-flow\">\n<figure class=\"wp-block-image size-large mb-0\"><img loading=\"lazy\" decoding=\"async\" width=\"1024\" height=\"659\" src=\"https:\/\/giconmes.es\/wp-content\/uploads\/2023\/02\/CTA-1024x659.jpg\" alt=\". Generadores de vapor industrial Giconmes\" class=\"wp-image-307\" title=\"Generadores de vapor industrial Giconmes\" srcset=\"https:\/\/giconmes.es\/wp-content\/uploads\/2023\/02\/CTA-1024x659.jpg 1024w, https:\/\/giconmes.es\/wp-content\/uploads\/2023\/02\/CTA-300x193.jpg 300w, https:\/\/giconmes.es\/wp-content\/uploads\/2023\/02\/CTA-768x494.jpg 768w, https:\/\/giconmes.es\/wp-content\/uploads\/2023\/02\/CTA.jpg 1312w\" sizes=\"auto, (max-width: 1024px) 100vw, 1024px\" \/><\/figure>\n<\/div>\n<\/div>\n\n\n\n<div style=\"height:64px\" aria-hidden=\"true\" class=\"wp-block-spacer\"><\/div>\n<\/div><\/div>\n\n<div style=\"height:96px\" aria-hidden=\"true\" class=\"wp-block-spacer\"><\/div>\n\n<div class=\"wp-block-columns is-layout-flex wp-container-core-columns-is-layout-3 wp-block-columns-is-layout-flex\">\n<div class=\"wp-block-column is-layout-flow wp-block-column-is-layout-flow\" style=\"flex-basis:33.33%\">\n<h2 class=\"wp-block-heading text-h5\"><strong>PDF herunterladen<\/strong> f\u00fcr weitere Informationen \u00fcber den Helpdesk.<\/h2>\n\n\n\n<div style=\"height:32px\" aria-hidden=\"true\" class=\"wp-block-spacer\"><\/div>\n\n\n\n<div class=\"wp-block-buttons is-layout-flex wp-block-buttons-is-layout-flex\">\n<div class=\"wp-block-button\"><a class=\"wp-block-button__link has-secondary-80-background-color has-background wp-element-button\" href=\"https:\/\/giconmes.es\/wp-content\/uploads\/2023\/03\/SERVICIO-TECNICO-2023.pdf\" target=\"_blank\" rel=\"noreferrer noopener\"><strong>PDF herunterladen<\/strong><\/a><\/div>\n<\/div>\n<\/div>\n\n\n\n<div class=\"wp-block-column dnone-tablet is-layout-flow wp-block-column-is-layout-flow\" style=\"flex-basis:8.3%\"><\/div>\n\n\n\n<div class=\"wp-block-column is-layout-flow wp-block-column-is-layout-flow\" style=\"flex-basis:58.3%\">\n\n<div id=\"faqs--block_81aa9316ab3f1e36dbe512863ed81620\" class=\"faqs-block mb-6\">\n        \n    <button class=\"faqs-btn\">\n        <span>\n            <div class=\"screen-reader-text\">Open<\/div>\n        <\/span>\n        Garantie des Herstellers    <\/button>\n\n    <div class=\"faqs-content\">\n        <div class=\"mt-1 mb-2\"><p><!-- wp:paragraph -->  F\u00fcr alle von GICONMES IBERICA, S.L. hergestellten und vertriebenen Produkte gilt eine Garantie von zw\u00f6lf (12) Monaten f\u00fcr Materialien und Komponenten.<br \/>\nDiese Garantie deckt alle Elemente, die in das Kammersystem, den Dampferzeuger, den Staubsauger und das Zubeh\u00f6r des Ger\u00e4ts integriert sind, den Arbeitsaufwand f\u00fcr eventuelle Eingriffe und im Falle der Unm\u00f6glichkeit einer L\u00f6sung \u00fcber unsere &#8222;ASISTENPHONE&#8220;-Option, ein kostenloses Ersatzger\u00e4t f\u00fcr den Kunden innerhalb von 48 Stunden nach dem Garantieausfall w\u00e4hrend des ersten Jahres ab.<br \/>\nDas Datum des Garantiebeginns ist das Datum der Inbetriebnahme.    <!-- \/wp:paragraph --><\/p>\n<p><!-- wp:paragraph -->  Der Kunde verpflichtet sich f\u00f6rmlich, die Installations- und Einstellvorschriften sowie die Anweisungen f\u00fcr das Ger\u00e4t zu befolgen (diese werden bei der Inbetriebnahme ausgeh\u00e4ndigt).<br \/>\nDas Ger\u00e4t darf nicht von nicht vom Hersteller autorisiertem Personal bedient werden.<br \/>\nDie Transportkosten sind nicht inbegriffen.    <!-- \/wp:paragraph --><\/p>\n<p><!-- wp:paragraph -->  Die Garantie deckt nur Komponenten und Eingriffe ab, die von unseren Technikern \u00fcberpr\u00fcft und validiert wurden.<br \/>\nAusgeschlossen von der Garantie und somit auf Kosten des Kunden sind die Ersatzteile und die Einsatzstunden, der Transport und die Reisekosten in den folgenden F\u00e4llen:   <!-- \/wp:paragraph --><\/p>\n<p><!-- wp:list --><\/p>\n<ul>\n<li style=\"list-style-type: none\">\n<ul><!-- wp:list-item --><\/p>\n<li>Fehlgebrauch oder Fahrl\u00e4ssigkeit des Kunden\/Nutzers.<\/li>\n<\/ul>\n<\/li>\n<\/ul>\n<p><!-- \/wp:list-item --><\/p>\n<p><!-- wp:list-item --><\/p>\n<ul>\n<li style=\"list-style-type: none\">\n<ul>\n<li>H\u00f6here Gewalt (atmosph\u00e4rische oder geologische Ph\u00e4nomene usw.) und Unf\u00e4lle, unabh\u00e4ngig von ihrer Ursache.<\/li>\n<\/ul>\n<\/li>\n<\/ul>\n<p><!-- \/wp:list-item --><\/p>\n<p><!-- wp:list-item --><\/p>\n<ul>\n<li style=\"list-style-type: none\">\n<ul>\n<li>Falsche Installation oder mangelnde Wartung.<\/li>\n<\/ul>\n<\/li>\n<\/ul>\n<p><!-- \/wp:list-item --><\/p>\n<p><!-- wp:list-item --><\/p>\n<ul>\n<li style=\"list-style-type: none\">\n<ul>\n<li>Verwendung ungeeigneter chemischer Produkte oder Ansammlung von R\u00fcckst\u00e4nden (Kalk, Seifen, Fett usw.) aufgrund mangelnder Reinigung.<\/li>\n<\/ul>\n<\/li>\n<\/ul>\n<p><!-- \/wp:list-item --><\/p>\n<p><!-- wp:list-item --><\/p>\n<ul>\n<li style=\"list-style-type: none\">\n<ul>\n<li>Falscher Standort oder falsche Positionierung der Ger\u00e4te.<\/li>\n<\/ul>\n<\/li>\n<\/ul>\n<p><!-- \/wp:list-item --><\/p>\n<p><!-- wp:list-item --><\/p>\n<ul>\n<li style=\"list-style-type: none\">\n<ul>\n<li>Verwendung von Wasser, das nicht den Spezifikationen in den Handb\u00fcchern entspricht.<\/li>\n<\/ul>\n<\/li>\n<\/ul>\n<p><!-- \/wp:list-item --><\/p>\n<p><!-- wp:list-item --><\/p>\n<ul>\n<li style=\"list-style-type: none\">\n<ul>\n<li>Verschlei\u00df oder \u00e4sthetische Beeintr\u00e4chtigungen, die typisch f\u00fcr die Verwendung im Betrieb sind.<\/li>\n<\/ul>\n<\/li>\n<\/ul>\n<p><!-- \/wp:list-item --><\/p>\n<p><!-- \/wp:list --><\/p>\n<\/div>\n    <\/div>\n\n        \n    <button class=\"faqs-btn\">\n        <span>\n            <div class=\"screen-reader-text\">Open<\/div>\n        <\/span>\n        Fehlfunktionen    <\/button>\n\n    <div class=\"faqs-content\">\n        <div class=\"mt-1 mb-2\"><p>Als Panne gilt jede Besch\u00e4digung, jeder Bruch oder jede St\u00f6rung, die den normalen Betrieb des Ger\u00e4ts verhindert.<br \/>\nWenn die Panne auf Sch\u00e4den durch unsachgem\u00e4\u00dfen Gebrauch zur\u00fcckzuf\u00fchren ist oder nach Ablauf der Garantiezeit auftritt, hat der Kunde die M\u00f6glichkeit, auf eigene Kosten ein Ersatzger\u00e4t zu erhalten (Transport, Installation und Miete).<br \/>\nIn diesem Zusammenhang verf\u00fcgt GICONMES IBERICA, S.L. \u00fcber einen kompletten Fuhrpark f\u00fcr die Vermietung von Ger\u00e4ten.  <\/p>\n<\/div>\n    <\/div>\n\n        \n    <button class=\"faqs-btn\">\n        <span>\n            <div class=\"screen-reader-text\">Open<\/div>\n        <\/span>\n        Ersatzger\u00e4te    <\/button>\n\n    <div class=\"faqs-content\">\n        <div class=\"mt-1 mb-2\"><p>Die Ersatzger\u00e4te m\u00fcssen \u00e4hnliche oder bessere Eigenschaften und Leistungen aufweisen als die vom Kunden gekauften Ger\u00e4te.<br \/>\nDie gesamte Ausr\u00fcstung, aus der das System besteht, gilt als austauschbar, mit Ausnahme der Ger\u00e4te und des Zubeh\u00f6rs (Schl\u00e4uche, Adapter, Abstreifer, Reduzierst\u00fccke, B\u00fcrsten, Rohre, Anschl\u00fcsse, Stecker usw.), die im Falle eines Austauschs, sofern keine offensichtlichen Beweise vorliegen, zu Lasten des Kunden gehen. <\/p>\n<\/div>\n    <\/div>\n\n        \n    <button class=\"faqs-btn\">\n        <span>\n            <div class=\"screen-reader-text\">Open<\/div>\n        <\/span>\n        Technische Unterst\u00fctzung und Dienstleistungen    <\/button>\n\n    <div class=\"faqs-content\">\n        <div class=\"mt-1 mb-2\"><p>Wenn Sie kein Abonnement f\u00fcr unsere GWP-72-Option abschlie\u00dfen m\u00f6chten, bietet Giconmes Ib\u00e9rica, S.L. seinen Kunden einen technischen Kundendienst an, der je nach Bedarf geplant werden kann.<\/p>\n<\/div>\n    <\/div>\n\n    <\/div>\n\n<script>\nvar acc = document.querySelectorAll( \"#faqs--block_81aa9316ab3f1e36dbe512863ed81620 .faqs-btn\");\nvar i;\n\nfor (i = 0; i < acc.length; i++) {\n    acc[i].addEventListener(\"click\", function() {\n        this.classList.toggle(\"active\");\n        var panel = this.nextElementSibling;\n        if (panel.style.maxHeight) {\n            panel.style.maxHeight = null;\n        } else {\n            panel.style.maxHeight = panel.scrollHeight + \"px\";\n        }\n    });\n}\n<\/script>\n\n\n<div style=\"height:16px\" aria-hidden=\"true\" class=\"wp-block-spacer\"><\/div>\n<\/div>\n<\/div>\n\n<div style=\"height:96px\" aria-hidden=\"true\" class=\"wp-block-spacer\"><\/div>\n\n<div class=\"wp-block-cover alignwide\" style=\"min-height:784px;aspect-ratio:unset;\"><span aria-hidden=\"true\" class=\"wp-block-cover__background has-primary-100-background-color has-background-dim\"><\/span><img loading=\"lazy\" decoding=\"async\" width=\"1312\" height=\"844\" class=\"wp-block-cover__image-background wp-image-653\" alt=\". Generadores de vapor industrial Giconmes\" src=\"https:\/\/giconmes.es\/wp-content\/uploads\/2023\/02\/CTA-4.jpg\" data-object-fit=\"cover\" title=\"Generadores de vapor industrial Giconmes\" srcset=\"https:\/\/giconmes.es\/wp-content\/uploads\/2023\/02\/CTA-4.jpg 1312w, https:\/\/giconmes.es\/wp-content\/uploads\/2023\/02\/CTA-4-300x193.jpg 300w, https:\/\/giconmes.es\/wp-content\/uploads\/2023\/02\/CTA-4-1024x659.jpg 1024w, https:\/\/giconmes.es\/wp-content\/uploads\/2023\/02\/CTA-4-768x494.jpg 768w\" sizes=\"auto, (max-width: 1312px) 100vw, 1312px\" \/><div class=\"wp-block-cover__inner-container is-layout-flow wp-block-cover-is-layout-flow\">\n<div style=\"height:124px\" aria-hidden=\"true\" class=\"wp-block-spacer\"><\/div>\n\n\n\n<div class=\"wp-block-columns is-layout-flex wp-container-core-columns-is-layout-4 wp-block-columns-is-layout-flex\">\n<div class=\"wp-block-column is-layout-flow wp-block-column-is-layout-flow\" style=\"flex-basis:50%\">\n<p class=\"has-text-align-left text-h3 has-body-white-color has-text-color has-large-font-size\">Haben Sie noch Fragen?\nUnser Team von Fachleuten ist f\u00fcr Sie da <\/p>\n\n\n\n<div style=\"height:56px\" aria-hidden=\"true\" class=\"wp-block-spacer\"><\/div>\n\n\n\n<div class=\"wp-block-buttons is-layout-flex wp-block-buttons-is-layout-flex\">\n<div class=\"wp-block-button\"><a class=\"wp-block-button__link has-primary-background-color has-background wp-element-button\" href=\"tel:+34976500108\">RUFEN SIE UNS AN<\/a><\/div>\n\n\n\n<div class=\"wp-block-button\"><a class=\"wp-block-button__link has-secondary-background-color has-background wp-element-button\" href=\"https:\/\/giconmes.es\/de\/kontakt\/\">KONTAKT US<\/a><\/div>\n\n\n\n<div class=\"wp-block-button is-style-outline is-style-outline--1\"><a class=\"wp-block-button__link has-body-white-color has-text-color wp-element-button\" href=\"https:\/\/giconmes.es\/de\/faqs\/\">FAQS<\/a><\/div>\n<\/div>\n<\/div>\n\n\n\n<div class=\"wp-block-column dnone-tablet is-layout-flow wp-block-column-is-layout-flow\" style=\"flex-basis:50%\">\n<p><\/p>\n<\/div>\n<\/div>\n\n\n\n<div style=\"height:124px\" aria-hidden=\"true\" class=\"wp-block-spacer\"><\/div>\n<\/div><\/div>\n\n<div class=\"wp-block-group\"><div class=\"wp-block-group__inner-container is-layout-constrained wp-block-group-is-layout-constrained\">\n<div class=\"wp-block-columns mb-0 is-layout-flex wp-container-core-columns-is-layout-5 wp-block-columns-is-layout-flex\">\n<div class=\"wp-block-column dnone-tablet is-layout-flow wp-block-column-is-layout-flow\" style=\"flex-basis:8.3%\">\n<figure class=\"wp-block-image size-full\"><img loading=\"lazy\" decoding=\"async\" width=\"9\" height=\"304\" src=\"https:\/\/giconmes.es\/wp-content\/uploads\/2023\/02\/LINE-blog.png\" alt=\". Generadores de vapor industrial Giconmes\" class=\"wp-image-298\" title=\"Generadores de vapor industrial Giconmes\"><\/figure>\n<\/div>\n\n\n\n<div class=\"wp-block-column is-layout-flow wp-block-column-is-layout-flow\" style=\"flex-basis:33.33%\">\n<div style=\"height:96px\" aria-hidden=\"true\" class=\"wp-block-spacer\"><\/div>\n\n\n\n<p class=\"text-h2\">Giconmes Technologie-Blog<\/p>\n<\/div>\n\n\n\n<div class=\"wp-block-column is-layout-flow wp-block-column-is-layout-flow\" style=\"flex-basis:58.3%\">\n<div style=\"height:96px\" aria-hidden=\"true\" class=\"wp-block-spacer dnone-mobile\"><\/div>\n\n\n\n<p>Hier finden Sie informative Artikel \u00fcber die <strong>Dampftechnologie, ihre Anwendung in der Industrie und die verschiedenen Arten der dazugeh\u00f6rigen Ausr\u00fcstung<\/strong> sowie die neuesten Trends, von uns erstellte Anlagen und neue Entwicklungen bei Kesseln oder Dampferzeugern f\u00fcr die gesamte Industrie.  <\/p>\n\n\n\n<p><a href=\"https:\/\/giconmes.es\/de\/blog\/\" data-type=\"page\" data-id=\"7\"><strong>ZUM BLOG GEHEN<\/strong><\/a><\/p>\n<\/div>\n<\/div>\n\n\n\n<div class=\"wp-block-query is-layout-flow wp-block-query-is-layout-flow\"><ul class=\"columns-3 wp-block-post-template is-layout-grid wp-container-core-post-template-is-layout-1 wp-block-post-template-is-layout-grid\"><li class=\"wp-block-post post-19533 post type-post status-publish format-standard has-post-thumbnail hentry category-industrie-de category-unkategorisiert\">\n<figure style=\"height:280px;\" class=\"wp-block-post-featured-image\"><a href=\"https:\/\/giconmes.es\/de\/die-rolle-von-elektrischen-dampfkesseln-bei-der-dekarbonisierung-und-den-industriellen-waermeeinnahmen\/\" target=\"_self\"  style=\"height:280px\"><img loading=\"lazy\" decoding=\"async\" width=\"1376\" height=\"729\" src=\"https:\/\/giconmes.es\/wp-content\/uploads\/2026\/03\/calderas-vapor-electricas-descarbonizacion-ingresos.webp\" class=\"attachment-post-thumbnail size-post-thumbnail wp-post-image\" alt=\"Die Rolle von elektrischen Dampfkesseln bei der Dekarbonisierung und den industriellen W\u00e4rmeeinnahmen\" style=\"height:280px;object-fit:cover;\" srcset=\"https:\/\/giconmes.es\/wp-content\/uploads\/2026\/03\/calderas-vapor-electricas-descarbonizacion-ingresos.webp 1376w, https:\/\/giconmes.es\/wp-content\/uploads\/2026\/03\/calderas-vapor-electricas-descarbonizacion-ingresos-300x159.webp 300w, https:\/\/giconmes.es\/wp-content\/uploads\/2026\/03\/calderas-vapor-electricas-descarbonizacion-ingresos-1024x543.webp 1024w, https:\/\/giconmes.es\/wp-content\/uploads\/2026\/03\/calderas-vapor-electricas-descarbonizacion-ingresos-768x407.webp 768w\" sizes=\"auto, (max-width: 1376px) 100vw, 1376px\" title=\"Generadores de vapor industrial Giconmes\"><\/a><\/figure>\n\n<div class=\"wp-block-post-date\"><time datetime=\"2026-03-19T12:00:00+01:00\">19. M\u00e4rz 2026<\/time><\/div>\n\n<p class=\"wp-block-post-title\"><a href=\"https:\/\/giconmes.es\/de\/die-rolle-von-elektrischen-dampfkesseln-bei-der-dekarbonisierung-und-den-industriellen-waermeeinnahmen\/\" target=\"_self\" >Die Rolle von elektrischen Dampfkesseln bei der Dekarbonisierung und den industriellen W\u00e4rmeeinnahmen<\/a><\/h4>\n<\/li><li class=\"wp-block-post post-19335 post type-post status-publish format-standard has-post-thumbnail hentry category-heizkessel-und-dampferzeuger\">\n<figure style=\"height:280px;\" class=\"wp-block-post-featured-image\"><a href=\"https:\/\/giconmes.es\/de\/warum-viele-raeume-nicht-die-vorgesehene-temperatur-erreichen-haeufige-fehler-bei-der-industriellen-waermedimensionierung\/\" target=\"_self\"  style=\"height:280px\"><img loading=\"lazy\" decoding=\"async\" width=\"1536\" height=\"1024\" src=\"https:\/\/giconmes.es\/wp-content\/uploads\/2026\/03\/dimensionamiento-termico-industrial-errores-comunes.webp\" class=\"attachment-post-thumbnail size-post-thumbnail wp-post-image\" alt=\"Warum viele R\u00e4ume nicht die vorgesehene Temperatur erreichen: h\u00e4ufige Fehler bei der industriellen W\u00e4rmedimensionierung\" style=\"height:280px;object-fit:cover;\" srcset=\"https:\/\/giconmes.es\/wp-content\/uploads\/2026\/03\/dimensionamiento-termico-industrial-errores-comunes.webp 1536w, https:\/\/giconmes.es\/wp-content\/uploads\/2026\/03\/dimensionamiento-termico-industrial-errores-comunes-300x200.webp 300w, https:\/\/giconmes.es\/wp-content\/uploads\/2026\/03\/dimensionamiento-termico-industrial-errores-comunes-1024x683.webp 1024w, https:\/\/giconmes.es\/wp-content\/uploads\/2026\/03\/dimensionamiento-termico-industrial-errores-comunes-768x512.webp 768w\" sizes=\"auto, (max-width: 1536px) 100vw, 1536px\" title=\"Generadores de vapor industrial Giconmes\"><\/a><\/figure>\n\n<div class=\"wp-block-post-date\"><time datetime=\"2026-03-05T11:00:00+01:00\">5. M\u00e4rz 2026<\/time><\/div>\n\n<p class=\"wp-block-post-title\"><a href=\"https:\/\/giconmes.es\/de\/warum-viele-raeume-nicht-die-vorgesehene-temperatur-erreichen-haeufige-fehler-bei-der-industriellen-waermedimensionierung\/\" target=\"_self\" >Warum viele R\u00e4ume nicht die vorgesehene Temperatur erreichen: h\u00e4ufige Fehler bei der industriellen W\u00e4rmedimensionierung<\/a><\/h4>\n<\/li><li class=\"wp-block-post post-19158 post type-post status-publish format-standard has-post-thumbnail hentry category-unkategorisiert\">\n<figure style=\"height:280px;\" class=\"wp-block-post-featured-image\"><a href=\"https:\/\/giconmes.es\/de\/ist-zum-aufheizen-von-reaktoren-auf-70-c-ein-elektrischer-dampfkessel-oder-ein-heisswasserkessel-effizienter\/\" target=\"_self\"  style=\"height:280px\"><img loading=\"lazy\" decoding=\"async\" width=\"1536\" height=\"1024\" src=\"https:\/\/giconmes.es\/wp-content\/uploads\/2026\/02\/calentar-reactor-70-grados-caldera-de-vapor.webp\" class=\"attachment-post-thumbnail size-post-thumbnail wp-post-image\" alt=\"Ist zum Aufheizen von Reaktoren auf 70 \u00b0C ein elektrischer Dampfkessel oder ein Hei\u00dfwasserkessel effizienter?\" style=\"height:280px;object-fit:cover;\" srcset=\"https:\/\/giconmes.es\/wp-content\/uploads\/2026\/02\/calentar-reactor-70-grados-caldera-de-vapor.webp 1536w, https:\/\/giconmes.es\/wp-content\/uploads\/2026\/02\/calentar-reactor-70-grados-caldera-de-vapor-300x200.webp 300w, https:\/\/giconmes.es\/wp-content\/uploads\/2026\/02\/calentar-reactor-70-grados-caldera-de-vapor-1024x683.webp 1024w, https:\/\/giconmes.es\/wp-content\/uploads\/2026\/02\/calentar-reactor-70-grados-caldera-de-vapor-768x512.webp 768w\" sizes=\"auto, (max-width: 1536px) 100vw, 1536px\" title=\"Generadores de vapor industrial Giconmes\"><\/a><\/figure>\n\n<div class=\"wp-block-post-date\"><time datetime=\"2026-02-19T11:00:00+01:00\">19. Februar 2026<\/time><\/div>\n\n<p class=\"wp-block-post-title\"><a href=\"https:\/\/giconmes.es\/de\/ist-zum-aufheizen-von-reaktoren-auf-70-c-ein-elektrischer-dampfkessel-oder-ein-heisswasserkessel-effizienter\/\" target=\"_self\" >Ist zum Aufheizen von Reaktoren auf 70 \u00b0C ein elektrischer Dampfkessel oder ein Hei\u00dfwasserkessel effizienter?<\/a><\/h4>\n<\/li><li class=\"wp-block-post post-19152 post type-post status-publish format-standard has-post-thumbnail hentry category-heizkessel-und-dampferzeuger\">\n<figure style=\"height:280px;\" class=\"wp-block-post-featured-image\"><a href=\"https:\/\/giconmes.es\/de\/7-industrielle-methoden-zur-erzeugung-von-heisswasser-mit-dampf\/\" target=\"_self\"  style=\"height:280px\"><img loading=\"lazy\" decoding=\"async\" width=\"1280\" height=\"853\" src=\"https:\/\/giconmes.es\/wp-content\/uploads\/2026\/02\/metodos-industriales-generacion-agua-caliente-vapor.webp\" class=\"attachment-post-thumbnail size-post-thumbnail wp-post-image\" alt=\"7 industrielle Methoden zur Erzeugung von Hei\u00dfwasser mit Dampf\" style=\"height:280px;object-fit:cover;\" srcset=\"https:\/\/giconmes.es\/wp-content\/uploads\/2026\/02\/metodos-industriales-generacion-agua-caliente-vapor.webp 1280w, https:\/\/giconmes.es\/wp-content\/uploads\/2026\/02\/metodos-industriales-generacion-agua-caliente-vapor-300x200.webp 300w, https:\/\/giconmes.es\/wp-content\/uploads\/2026\/02\/metodos-industriales-generacion-agua-caliente-vapor-1024x682.webp 1024w, https:\/\/giconmes.es\/wp-content\/uploads\/2026\/02\/metodos-industriales-generacion-agua-caliente-vapor-768x512.webp 768w\" sizes=\"auto, (max-width: 1280px) 100vw, 1280px\" title=\"Generadores de vapor industrial Giconmes\"><\/a><\/figure>\n\n<div class=\"wp-block-post-date\"><time datetime=\"2026-02-12T11:00:00+01:00\">12. Februar 2026<\/time><\/div>\n\n<p class=\"wp-block-post-title\"><a href=\"https:\/\/giconmes.es\/de\/7-industrielle-methoden-zur-erzeugung-von-heisswasser-mit-dampf\/\" target=\"_self\" >7 industrielle Methoden zur Erzeugung von Hei\u00dfwasser mit Dampf<\/a><\/h4>\n<\/li><li class=\"wp-block-post post-19045 post type-post status-publish format-standard has-post-thumbnail hentry category-industrie-de category-unkategorisiert\">\n<figure style=\"height:280px;\" class=\"wp-block-post-featured-image\"><a href=\"https:\/\/giconmes.es\/de\/giconmes-auf-der-fima-agriculture-2026-dampf-und-automatisierung-fuer-eine-nachhaltigere-landwirtschaft\/\" target=\"_self\"  style=\"height:280px\"><img loading=\"lazy\" decoding=\"async\" width=\"1536\" height=\"1024\" src=\"https:\/\/giconmes.es\/wp-content\/uploads\/2026\/02\/giconmes-fima-agricola-2026.webp\" class=\"attachment-post-thumbnail size-post-thumbnail wp-post-image\" alt=\"GICONMES auf der FIMA Agriculture 2026: Dampf und Automatisierung f\u00fcr eine nachhaltigere Landwirtschaft\" style=\"height:280px;object-fit:cover;\" srcset=\"https:\/\/giconmes.es\/wp-content\/uploads\/2026\/02\/giconmes-fima-agricola-2026.webp 1536w, https:\/\/giconmes.es\/wp-content\/uploads\/2026\/02\/giconmes-fima-agricola-2026-300x200.webp 300w, https:\/\/giconmes.es\/wp-content\/uploads\/2026\/02\/giconmes-fima-agricola-2026-1024x683.webp 1024w, https:\/\/giconmes.es\/wp-content\/uploads\/2026\/02\/giconmes-fima-agricola-2026-768x512.webp 768w\" sizes=\"auto, (max-width: 1536px) 100vw, 1536px\" title=\"Generadores de vapor industrial Giconmes\"><\/a><\/figure>\n\n<div class=\"wp-block-post-date\"><time datetime=\"2026-02-05T11:00:00+01:00\">5. Februar 2026<\/time><\/div>\n\n<p class=\"wp-block-post-title\"><a href=\"https:\/\/giconmes.es\/de\/giconmes-auf-der-fima-agriculture-2026-dampf-und-automatisierung-fuer-eine-nachhaltigere-landwirtschaft\/\" target=\"_self\" >GICONMES auf der FIMA Agriculture 2026: Dampf und Automatisierung f\u00fcr eine nachhaltigere Landwirtschaft<\/a><\/h4>\n<\/li><li class=\"wp-block-post post-18895 post type-post status-publish format-standard has-post-thumbnail hentry category-heizkessel-und-dampferzeuger\">\n<figure style=\"height:280px;\" class=\"wp-block-post-featured-image\"><a href=\"https:\/\/giconmes.es\/de\/dampfspeicher-oder-wie-sie-die-dampfmenge-ihres-elektrokessels-verdoppeln-koennen-ohne-die-leistung-zu-erhoehen\/\" target=\"_self\"  style=\"height:280px\"><img loading=\"lazy\" decoding=\"async\" width=\"1536\" height=\"847\" src=\"https:\/\/giconmes.es\/wp-content\/uploads\/2026\/01\/acumuladores-vapor.webp\" class=\"attachment-post-thumbnail size-post-thumbnail wp-post-image\" alt=\"Dampfspeicher, oder wie Sie die Dampfmenge Ihres Elektrokessels verdoppeln k\u00f6nnen, ohne die Leistung zu erh\u00f6hen.\" style=\"height:280px;object-fit:cover;\" srcset=\"https:\/\/giconmes.es\/wp-content\/uploads\/2026\/01\/acumuladores-vapor.webp 1536w, https:\/\/giconmes.es\/wp-content\/uploads\/2026\/01\/acumuladores-vapor-300x165.webp 300w, https:\/\/giconmes.es\/wp-content\/uploads\/2026\/01\/acumuladores-vapor-1024x565.webp 1024w, https:\/\/giconmes.es\/wp-content\/uploads\/2026\/01\/acumuladores-vapor-768x424.webp 768w\" sizes=\"auto, (max-width: 1536px) 100vw, 1536px\" title=\"Generadores de vapor industrial Giconmes\"><\/a><\/figure>\n\n<div class=\"wp-block-post-date\"><time datetime=\"2026-01-22T11:00:00+01:00\">22. Januar 2026<\/time><\/div>\n\n<p class=\"wp-block-post-title\"><a href=\"https:\/\/giconmes.es\/de\/dampfspeicher-oder-wie-sie-die-dampfmenge-ihres-elektrokessels-verdoppeln-koennen-ohne-die-leistung-zu-erhoehen\/\" target=\"_self\" >Dampfspeicher, oder wie Sie die Dampfmenge Ihres Elektrokessels verdoppeln k\u00f6nnen, ohne die Leistung zu erh\u00f6hen.<\/a><\/h4>\n<\/li><\/ul><\/div>\n\n\n\n<div style=\"height:112px\" aria-hidden=\"true\" class=\"wp-block-spacer\"><\/div>\n<\/div><\/div>\n","protected":false},"excerpt":{"rendered":"<p>Unser ausgedehntes Netzwerk f\u00fcr technische Unterst\u00fctzung (TAS), das von Vertragsh\u00e4ndlern abgedeckt wird, erm\u00f6glicht einen m\u00f6glichst effizienten Einsatz in k\u00fcrzester Zeit.<\/p>\n","protected":false},"author":4,"featured_media":9322,"parent":9309,"menu_order":0,"comment_status":"closed","ping_status":"closed","template":"","meta":{"_acf_changed":false,"footnotes":""},"class_list":["post-9330","page","type-page","status-publish","has-post-thumbnail","hentry"],"acf":[],"_links":{"self":[{"href":"https:\/\/giconmes.es\/de\/wp-json\/wp\/v2\/pages\/9330","targetHints":{"allow":["GET"]}}],"collection":[{"href":"https:\/\/giconmes.es\/de\/wp-json\/wp\/v2\/pages"}],"about":[{"href":"https:\/\/giconmes.es\/de\/wp-json\/wp\/v2\/types\/page"}],"author":[{"embeddable":true,"href":"https:\/\/giconmes.es\/de\/wp-json\/wp\/v2\/users\/4"}],"replies":[{"embeddable":true,"href":"https:\/\/giconmes.es\/de\/wp-json\/wp\/v2\/comments?post=9330"}],"version-history":[{"count":2,"href":"https:\/\/giconmes.es\/de\/wp-json\/wp\/v2\/pages\/9330\/revisions"}],"predecessor-version":[{"id":9332,"href":"https:\/\/giconmes.es\/de\/wp-json\/wp\/v2\/pages\/9330\/revisions\/9332"}],"up":[{"embeddable":true,"href":"https:\/\/giconmes.es\/de\/wp-json\/wp\/v2\/pages\/9309"}],"wp:featuredmedia":[{"embeddable":true,"href":"https:\/\/giconmes.es\/de\/wp-json\/wp\/v2\/media\/9322"}],"wp:attachment":[{"href":"https:\/\/giconmes.es\/de\/wp-json\/wp\/v2\/media?parent=9330"}],"curies":[{"name":"wp","href":"https:\/\/api.w.org\/{rel}","templated":true}]}}